{"id":860,"date":"2019-11-26T12:08:38","date_gmt":"2019-11-26T11:08:38","guid":{"rendered":"https:\/\/church4you.be\/?page_id=37"},"modified":"2019-12-12T16:38:47","modified_gmt":"2019-12-12T15:38:47","slug":"groups","status":"publish","type":"page","link":"https:\/\/church4you.be\/tournai\/groups\/","title":{"rendered":"Groupes"},"content":{"rendered":"<div class=\"facetwp-template\" data-name=\"group-list\"><div class=\"block-list grid\">\n<div class=\"grid-sizer\"><\/div>\n<div class=\"grid-item block church_group franciscambier\" data-latitude=\"0\" data-longitude=\"0\" data-title=\"+13 Beaumont\">\n\t<div class=\"inner\">\n\t\t\t\t<figure>\n\t\t<a href=\"https:\/\/church4you.be\/tournai\/church_group\/13-beaumont\/\"><img src=\"https:\/\/church4you.be\/tournai\/wp-content\/uploads\/sites\/4\/2020\/07\/Orval-chalet-intrieur-580x290.jpeg\" class=\"tac-event-img wp-post-image\" alt=\"\" loading=\"lazy\" srcset=\"https:\/\/church4you.be\/tournai\/wp-content\/uploads\/sites\/4\/2020\/07\/Orval-chalet-intrieur-580x290.jpeg 580w, https:\/\/church4you.be\/tournai\/wp-content\/uploads\/sites\/4\/2020\/07\/Orval-chalet-intrieur-1800x900.jpeg 1800w, https:\/\/church4you.be\/tournai\/wp-content\/uploads\/sites\/4\/2020\/07\/Orval-chalet-intrieur-250x125.jpeg 250w, https:\/\/church4you.be\/tournai\/wp-content\/uploads\/sites\/4\/2020\/07\/Orval-chalet-intrieur-768x384.jpeg 768w, https:\/\/church4you.be\/tournai\/wp-content\/uploads\/sites\/4\/2020\/07\/Orval-chalet-intrieur-1536x768.jpeg 1536w, https:\/\/church4you.be\/tournai\/wp-content\/uploads\/sites\/4\/2020\/07\/Orval-chalet-intrieur-75x38.jpeg 75w, https:\/\/church4you.be\/tournai\/wp-content\/uploads\/sites\/4\/2020\/07\/Orval-chalet-intrieur.jpeg 1920w\" sizes=\"(max-width: 580px) 100vw, 580px\" \/><\/a>\n\t\t\t\t<\/figure>\n\t\t\t\t<div class=\"content\">\n\t\t\t<div class=\"clear\">\n\t\t\t\t<a href=\"https:\/\/church4you.be\/tournai\/church_group\/13-beaumont\/\"><h2>+13 Beaumont<\/h2><\/a>\n\n\t\t\t\t\n\t\t\t\t<p><\/p>\n\t\t\t\t\n\t\t\t\t\t\t\t\t\t\t\t\t\t\t<p class=\"mat-icon location\">\n\t\t\t\t\t\t<a href=\"https:\/\/church4you.be\/tournai\/church_group\/13-beaumont\/\">Rue Maurice L\u00e9otard 11 6500 Belgique<\/a>\n\t\t\t\t\t\t<i class=\"material-icons\">keyboard_arrow_right<\/i>\n\t\t\t\t\t\t\t\t\t\t\t\t<br \/>()\t\t\t\t\t<\/p>\n\t\t\t\t\t\t\t\t\t\n\t\t\t\t\t\t\t\t\t\t\t\t<div class=\"box-tax\"><a href=\"https:\/\/church4you.be\/tournai\/tag\/ascension\/\" rel=\"tag\">Ascension<\/a><a href=\"https:\/\/church4you.be\/tournai\/tag\/bouddhisme\/\" rel=\"tag\">Bouddhisme<\/a><a href=\"https:\/\/church4you.be\/tournai\/tag\/legende\/\" rel=\"tag\">l\u00e9gende<\/a><a href=\"https:\/\/church4you.be\/tournai\/tag\/mouscron\/\" rel=\"tag\">Mouscron<\/a><a href=\"https:\/\/church4you.be\/tournai\/tag\/respect\/\" rel=\"tag\">Respect<\/a><a href=\"https:\/\/church4you.be\/tournai\/tag\/saints\/\" rel=\"tag\">Saints<\/a><\/div>\t\t\t<\/div>\t\n\t\t\t<div class=\"clear\" style=\"margin-top: 20px;\">\n\t\t\t\t\n\t\t\t\t\t\t\t\t\t<a class=\"button hvr-float\" href=\"https:\/\/church4you.be\/tournai\/church_group\/13-beaumont\/\">Plus d'infos<\/a>\n\t\t\t\t\t\t\t\t\n\t\t\t<\/div>\n\t\t<\/div>\n\t<\/div>\n<\/div> <div class=\"grid-item block church_group hainaut\" data-latitude=\"0\" data-longitude=\"0\" data-title=\"Abbaye Notre-Dame de Soleilmont\">\n\t<div class=\"inner\">\n\t\t\t\t<figure>\n\t\t<a href=\"https:\/\/church4you.be\/tournai\/church_group\/abbaye-notre-dame-de-soleilmont\/\"><img src=\"https:\/\/church4you.be\/tournai\/wp-content\/uploads\/sites\/4\/2020\/10\/hqdefault.jpg\" class=\"tac-event-img wp-post-image\" alt=\"\" loading=\"lazy\" srcset=\"https:\/\/church4you.be\/tournai\/wp-content\/uploads\/sites\/4\/2020\/10\/hqdefault.jpg 480w, https:\/\/church4you.be\/tournai\/wp-content\/uploads\/sites\/4\/2020\/10\/hqdefault-250x188.jpg 250w, https:\/\/church4you.be\/tournai\/wp-content\/uploads\/sites\/4\/2020\/10\/hqdefault-75x56.jpg 75w\" sizes=\"(max-width: 480px) 100vw, 480px\" \/><\/a>\n\t\t\t\t<\/figure>\n\t\t\t\t<div class=\"content\">\n\t\t\t<div class=\"clear\">\n\t\t\t\t<a href=\"https:\/\/church4you.be\/tournai\/church_group\/abbaye-notre-dame-de-soleilmont\/\"><h2>Abbaye Notre-Dame de Soleilmont<\/h2><\/a>\n\n\t\t\t\t\n\t\t\t\t<p><\/p>\n\t\t\t\t\n\t\t\t\t\t\t\t\t\t\t\t\t\t\t<p class=\"mat-icon location\">\n\t\t\t\t\t\t<a href=\"https:\/\/church4you.be\/tournai\/church_group\/abbaye-notre-dame-de-soleilmont\/\">Avenue Gilbert 150, Fleurus, Belgique<\/a>\n\t\t\t\t\t\t<i class=\"material-icons\">keyboard_arrow_right<\/i>\n\t\t\t\t\t\tFleurus\t\t\t\t\t\t\t\t\t\t\t<\/p>\n\t\t\t\t\t\t\t\t\t\n\t\t\t\t\t\t\t\t\t\t\t\t\t\t\t<\/div>\t\n\t\t\t<div class=\"clear\" style=\"margin-top: 20px;\">\n\t\t\t\t\n\t\t\t\t\t\t\t\t\t<a class=\"button hvr-float\" href=\"https:\/\/church4you.be\/tournai\/church_group\/abbaye-notre-dame-de-soleilmont\/\">Plus d'infos<\/a>\n\t\t\t\t\t\t\t\t\n\t\t\t<\/div>\n\t\t<\/div>\n\t<\/div>\n<\/div> <div class=\"grid-item block church_group hainaut\" data-latitude=\"0\" data-longitude=\"0\" data-title=\"Arc-en-ciel\">\n\t<div class=\"inner\">\n\t\t\t\t<figure>\n\t\t<a href=\"https:\/\/church4you.be\/church_group\/arc-en-ciel\/\"><img src=\"https:\/\/church4you.be\/tournai\/wp-content\/uploads\/sites\/4\/2020\/10\/20170501_105402-300x169-1.jpg\" class=\"tac-event-img wp-post-image\" alt=\"\" loading=\"lazy\" srcset=\"https:\/\/church4you.be\/tournai\/wp-content\/uploads\/sites\/4\/2020\/10\/20170501_105402-300x169-1.jpg 300w, https:\/\/church4you.be\/tournai\/wp-content\/uploads\/sites\/4\/2020\/10\/20170501_105402-300x169-1-250x141.jpg 250w, https:\/\/church4you.be\/tournai\/wp-content\/uploads\/sites\/4\/2020\/10\/20170501_105402-300x169-1-75x42.jpg 75w\" sizes=\"(max-width: 300px) 100vw, 300px\" \/><\/a>\n\t\t\t\t<\/figure>\n\t\t\t\t<div class=\"content\">\n\t\t\t<div class=\"clear\">\n\t\t\t\t<a href=\"https:\/\/church4you.be\/church_group\/arc-en-ciel\/\"><h2>Arc-en-ciel<\/h2><\/a>\n\n\t\t\t\t\n\t\t\t\t<p><\/p>\n\t\t\t\t\n\t\t\t\t\t\t\t\t\t\t\t\t\t\t<p class=\"mat-icon location\">\n\t\t\t\t\t\t<a href=\"https:\/\/church4you.be\/church_group\/arc-en-ciel\/\">Rue de la Centenaire 1, Wanferc\u00e9e-Baulet 6224 Fleurus, Belgique<\/a>\n\t\t\t\t\t\t<i class=\"material-icons\">keyboard_arrow_right<\/i>\n\t\t\t\t\t\tFleurus\t\t\t\t\t\t\t\t\t\t\t<\/p>\n\t\t\t\t\t\t\t\t\t\n\t\t\t\t\t\t\t\t\t\t\t\t\t\t\t<\/div>\t\n\t\t\t<div class=\"clear\" style=\"margin-top: 20px;\">\n\t\t\t\t\n\t\t\t\t\t\t\t\t\t<a class=\"button hvr-float\" href=\"https:\/\/church4you.be\/church_group\/arc-en-ciel\/\">Plus d'infos<\/a>\n\t\t\t\t\t\t\t\t\n\t\t\t<\/div>\n\t\t<\/div>\n\t<\/div>\n<\/div> <div class=\"grid-item block church_group hainaut\" data-latitude=\"0\" data-longitude=\"0\" data-title=\"Aum\u00f4nerie des \u00e9tudiants de Tournai\">\n\t<div class=\"inner\">\n\t\t\t\t<figure>\n\t\t<a href=\"https:\/\/church4you.be\/tournai\/church_group\/aumonerie-des-etudiants-tournai\/\"><img src=\"https:\/\/church4you.be\/tournai\/wp-content\/uploads\/sites\/4\/2020\/09\/78858943_2373043812804314_2202892870761840640_o-580x323.jpg\" class=\"tac-event-img wp-post-image\" alt=\"\" loading=\"lazy\" srcset=\"https:\/\/church4you.be\/tournai\/wp-content\/uploads\/sites\/4\/2020\/09\/78858943_2373043812804314_2202892870761840640_o-580x323.jpg 580w, https:\/\/church4you.be\/tournai\/wp-content\/uploads\/sites\/4\/2020\/09\/78858943_2373043812804314_2202892870761840640_o-250x139.jpg 250w, https:\/\/church4you.be\/tournai\/wp-content\/uploads\/sites\/4\/2020\/09\/78858943_2373043812804314_2202892870761840640_o-768x427.jpg 768w, https:\/\/church4you.be\/tournai\/wp-content\/uploads\/sites\/4\/2020\/09\/78858943_2373043812804314_2202892870761840640_o-1536x855.jpg 1536w, https:\/\/church4you.be\/tournai\/wp-content\/uploads\/sites\/4\/2020\/09\/78858943_2373043812804314_2202892870761840640_o-75x42.jpg 75w, https:\/\/church4you.be\/tournai\/wp-content\/uploads\/sites\/4\/2020\/09\/78858943_2373043812804314_2202892870761840640_o.jpg 1617w\" sizes=\"(max-width: 580px) 100vw, 580px\" \/><\/a>\n\t\t\t\t<\/figure>\n\t\t\t\t<div class=\"content\">\n\t\t\t<div class=\"clear\">\n\t\t\t\t<a href=\"https:\/\/church4you.be\/tournai\/church_group\/aumonerie-des-etudiants-tournai\/\"><h2>Aum\u00f4nerie des \u00e9tudiants de Tournai<\/h2><\/a>\n\n\t\t\t\t\n\t\t\t\t<p><\/p>\n\t\t\t\t\n\t\t\t\t\t\t\t\t\t\t\t\t\t\t<p class=\"mat-icon location\">\n\t\t\t\t\t\t<a href=\"https:\/\/church4you.be\/tournai\/church_group\/aumonerie-des-etudiants-tournai\/\">Rue des J\u00e9suites 28, Tournai, Belgique<\/a>\n\t\t\t\t\t\t<i class=\"material-icons\">keyboard_arrow_right<\/i>\n\t\t\t\t\t\tTournai\t\t\t\t\t\t\t\t\t\t\t<\/p>\n\t\t\t\t\t\t\t\t\t\n\t\t\t\t\t\t\t\t\t\t\t\t\t\t\t<\/div>\t\n\t\t\t<div class=\"clear\" style=\"margin-top: 20px;\">\n\t\t\t\t\n\t\t\t\t\t\t\t\t\t<a class=\"button hvr-float\" href=\"https:\/\/church4you.be\/tournai\/church_group\/aumonerie-des-etudiants-tournai\/\">Plus d'infos<\/a>\n\t\t\t\t\t\t\t\t\n\t\t\t<\/div>\n\t\t<\/div>\n\t<\/div>\n<\/div> <div class=\"grid-item block church_group hainaut\" data-latitude=\"50.847833\" data-longitude=\"4.360108\" data-title=\"Aum\u00f4nerie des Jeunes de Mouscron\">\n\t<div class=\"inner\">\n\t\t\t\t<figure>\n\t\t<a href=\"https:\/\/church4you.be\/tournai\/church_group\/aumonerie-des-jeunes-de-mouscron\/\"><img src=\"https:\/\/church4you.be\/tournai\/wp-content\/uploads\/sites\/4\/2013\/10\/10425390_511367785664304_3815533807172562640_n-580x580.jpg\" class=\"tac-event-img wp-post-image\" alt=\"\" loading=\"lazy\" srcset=\"https:\/\/church4you.be\/tournai\/wp-content\/uploads\/sites\/4\/2013\/10\/10425390_511367785664304_3815533807172562640_n-580x580.jpg 580w, https:\/\/church4you.be\/tournai\/wp-content\/uploads\/sites\/4\/2013\/10\/10425390_511367785664304_3815533807172562640_n-250x250.jpg 250w, https:\/\/church4you.be\/tournai\/wp-content\/uploads\/sites\/4\/2013\/10\/10425390_511367785664304_3815533807172562640_n-100x100.jpg 100w, https:\/\/church4you.be\/tournai\/wp-content\/uploads\/sites\/4\/2013\/10\/10425390_511367785664304_3815533807172562640_n-75x75.jpg 75w, https:\/\/church4you.be\/tournai\/wp-content\/uploads\/sites\/4\/2013\/10\/10425390_511367785664304_3815533807172562640_n.jpg 670w\" sizes=\"(max-width: 580px) 100vw, 580px\" \/><\/a>\n\t\t\t\t<\/figure>\n\t\t\t\t<div class=\"content\">\n\t\t\t<div class=\"clear\">\n\t\t\t\t<a href=\"https:\/\/church4you.be\/tournai\/church_group\/aumonerie-des-jeunes-de-mouscron\/\"><h2>Aum\u00f4nerie des Jeunes de Mouscron<\/h2><\/a>\n\n\t\t\t\t\n\t\t\t\t<p><\/p>\n\t\t\t\t\n\t\t\t\t\t\t\t\t\t\t\t\t\t\t<p class=\"mat-icon location\">\n\t\t\t\t\t\t<a href=\"https:\/\/church4you.be\/tournai\/church_group\/aumonerie-des-jeunes-de-mouscron\/\">Rue de Menin 93 7700 Belgique<\/a>\n\t\t\t\t\t\t<i class=\"material-icons\">keyboard_arrow_right<\/i>\n\t\t\t\t\t\t\t\t\t\t\t\t<br \/>()\t\t\t\t\t<\/p>\n\t\t\t\t\t\t\t\t\t\n\t\t\t\t\t\t\t\t\t\t\t\t<div class=\"box-tax\"><a href=\"https:\/\/church4you.be\/tournai\/tag\/contes\/\" rel=\"tag\">Contes<\/a><a href=\"https:\/\/church4you.be\/tournai\/tag\/ecole\/\" rel=\"tag\">Ecole<\/a><a href=\"https:\/\/church4you.be\/tournai\/tag\/eglise\/\" rel=\"tag\">Eglise<\/a><a href=\"https:\/\/church4you.be\/tournai\/tag\/jmj-belgique\/\" rel=\"tag\">JMJ Belgique<\/a><a href=\"https:\/\/church4you.be\/tournai\/tag\/journee-11-15-ans-2017\/\" rel=\"tag\">Journ\u00e9e 11-15 ans 2017<\/a><a href=\"https:\/\/church4you.be\/tournai\/tag\/journee-des-11-15-ans\/\" rel=\"tag\">journ\u00e9e des 11-15 ans<\/a><a href=\"https:\/\/church4you.be\/tournai\/tag\/legende\/\" rel=\"tag\">l\u00e9gende<\/a><a href=\"https:\/\/church4you.be\/tournai\/tag\/maison-diocesaine\/\" rel=\"tag\">maison dioc\u00e9saine<\/a><a href=\"https:\/\/church4you.be\/tournai\/tag\/misericorde\/\" rel=\"tag\">Mis\u00e9ricorde<\/a><a href=\"https:\/\/church4you.be\/tournai\/tag\/mondialisation\/\" rel=\"tag\">Mondialisation<\/a><\/div>\t\t\t<\/div>\t\n\t\t\t<div class=\"clear\" style=\"margin-top: 20px;\">\n\t\t\t\t\n\t\t\t\t\t\t\t\t\t<a class=\"button hvr-float\" href=\"https:\/\/church4you.be\/tournai\/church_group\/aumonerie-des-jeunes-de-mouscron\/\">Plus d'infos<\/a>\n\t\t\t\t\t\t\t\t\n\t\t\t<\/div>\n\t\t<\/div>\n\t<\/div>\n<\/div> <div class=\"grid-item block church_group hainaut\" data-latitude=\"0\" data-longitude=\"0\" data-title=\"Chercheurs de Dieu &#8211; Erquelinnes\">\n\t<div class=\"inner\">\n\t\t\t\t<figure>\n\t\t<a href=\"https:\/\/church4you.be\/tournai\/church_group\/chercheurs-de-dieu-erquelinnes\/\"><img src=\"https:\/\/church4you.be\/tournai\/wp-content\/uploads\/sites\/4\/2020\/10\/cropped-IMG_20190701_204930-1-580x135.jpg\" class=\"tac-event-img wp-post-image\" alt=\"\" loading=\"lazy\" srcset=\"https:\/\/church4you.be\/tournai\/wp-content\/uploads\/sites\/4\/2020\/10\/cropped-IMG_20190701_204930-1-580x135.jpg 580w, https:\/\/church4you.be\/tournai\/wp-content\/uploads\/sites\/4\/2020\/10\/cropped-IMG_20190701_204930-1-250x58.jpg 250w, https:\/\/church4you.be\/tournai\/wp-content\/uploads\/sites\/4\/2020\/10\/cropped-IMG_20190701_204930-1-768x179.jpg 768w, https:\/\/church4you.be\/tournai\/wp-content\/uploads\/sites\/4\/2020\/10\/cropped-IMG_20190701_204930-1-75x18.jpg 75w, https:\/\/church4you.be\/tournai\/wp-content\/uploads\/sites\/4\/2020\/10\/cropped-IMG_20190701_204930-1.jpg 1200w\" sizes=\"(max-width: 580px) 100vw, 580px\" \/><\/a>\n\t\t\t\t<\/figure>\n\t\t\t\t<div class=\"content\">\n\t\t\t<div class=\"clear\">\n\t\t\t\t<a href=\"https:\/\/church4you.be\/tournai\/church_group\/chercheurs-de-dieu-erquelinnes\/\"><h2>Chercheurs de Dieu &#8211; Erquelinnes<\/h2><\/a>\n\n\t\t\t\t\n\t\t\t\t<p><\/p>\n\t\t\t\t\n\t\t\t\t\t\t\t\t\t\t\t\t\t\t<p class=\"mat-icon location\">\n\t\t\t\t\t\t<a href=\"https:\/\/church4you.be\/tournai\/church_group\/chercheurs-de-dieu-erquelinnes\/\">Rue de la Halle 14b, Solre-sur-Sambre Erquelinnes, Belgique<\/a>\n\t\t\t\t\t\t<i class=\"material-icons\">keyboard_arrow_right<\/i>\n\t\t\t\t\t\tErquelinnes\t\t\t\t\t\t\t\t\t\t\t<\/p>\n\t\t\t\t\t\t\t\t\t\n\t\t\t\t\t\t\t\t\t\t\t\t\t\t\t<\/div>\t\n\t\t\t<div class=\"clear\" style=\"margin-top: 20px;\">\n\t\t\t\t\n\t\t\t\t\t\t\t\t\t<a class=\"button hvr-float\" href=\"https:\/\/church4you.be\/tournai\/church_group\/chercheurs-de-dieu-erquelinnes\/\">Plus d'infos<\/a>\n\t\t\t\t\t\t\t\t\n\t\t\t<\/div>\n\t\t<\/div>\n\t<\/div>\n<\/div> <div class=\"grid-item block church_group hainaut\" data-latitude=\"0\" data-longitude=\"0\" data-title=\"Chercheurs de Dieu &#8211; Mouscron\">\n\t<div class=\"inner\">\n\t\t\t\t<figure>\n\t\t<a href=\"https:\/\/church4you.be\/tournai\/church_group\/chercheurs-de-dieu-mouscron\/\"><img src=\"https:\/\/church4you.be\/tournai\/wp-content\/uploads\/sites\/4\/2020\/09\/cropped-IMG_20190701_204930-580x135.jpg\" class=\"tac-event-img wp-post-image\" alt=\"\" loading=\"lazy\" srcset=\"https:\/\/church4you.be\/tournai\/wp-content\/uploads\/sites\/4\/2020\/09\/cropped-IMG_20190701_204930-580x135.jpg 580w, https:\/\/church4you.be\/tournai\/wp-content\/uploads\/sites\/4\/2020\/09\/cropped-IMG_20190701_204930-250x58.jpg 250w, https:\/\/church4you.be\/tournai\/wp-content\/uploads\/sites\/4\/2020\/09\/cropped-IMG_20190701_204930-768x179.jpg 768w, https:\/\/church4you.be\/tournai\/wp-content\/uploads\/sites\/4\/2020\/09\/cropped-IMG_20190701_204930-75x18.jpg 75w, https:\/\/church4you.be\/tournai\/wp-content\/uploads\/sites\/4\/2020\/09\/cropped-IMG_20190701_204930.jpg 1200w\" sizes=\"(max-width: 580px) 100vw, 580px\" \/><\/a>\n\t\t\t\t<\/figure>\n\t\t\t\t<div class=\"content\">\n\t\t\t<div class=\"clear\">\n\t\t\t\t<a href=\"https:\/\/church4you.be\/tournai\/church_group\/chercheurs-de-dieu-mouscron\/\"><h2>Chercheurs de Dieu &#8211; Mouscron<\/h2><\/a>\n\n\t\t\t\t\n\t\t\t\t<p><\/p>\n\t\t\t\t\n\t\t\t\t\t\t\t\t\t\t\t\t\t\t<p class=\"mat-icon location\">\n\t\t\t\t\t\t<a href=\"https:\/\/church4you.be\/tournai\/church_group\/chercheurs-de-dieu-mouscron\/\">Rue de Bruges 51, Mouscron, Belgique<\/a>\n\t\t\t\t\t\t<i class=\"material-icons\">keyboard_arrow_right<\/i>\n\t\t\t\t\t\tMouscron\t\t\t\t\t\t\t\t\t\t\t<\/p>\n\t\t\t\t\t\t\t\t\t\n\t\t\t\t\t\t\t\t\t\t\t\t\t\t\t<\/div>\t\n\t\t\t<div class=\"clear\" style=\"margin-top: 20px;\">\n\t\t\t\t\n\t\t\t\t\t\t\t\t\t<a class=\"button hvr-float\" href=\"https:\/\/church4you.be\/tournai\/church_group\/chercheurs-de-dieu-mouscron\/\">Plus d'infos<\/a>\n\t\t\t\t\t\t\t\t\n\t\t\t<\/div>\n\t\t<\/div>\n\t<\/div>\n<\/div> <div class=\"grid-item block church_group hainaut\" data-latitude=\"0\" data-longitude=\"0\" data-title=\"Chercheurs de Dieu &#8211; Tournai\">\n\t<div class=\"inner\">\n\t\t\t\t<figure>\n\t\t<a href=\"https:\/\/church4you.be\/tournai\/church_group\/jeunes-chercheurs-de-dieu-tournai\/\"><img src=\"https:\/\/church4you.be\/tournai\/wp-content\/uploads\/sites\/4\/2019\/11\/971440_543369515734343_1198806073_n.jpg\" class=\"tac-event-img wp-post-image\" alt=\"\" loading=\"lazy\" srcset=\"https:\/\/church4you.be\/tournai\/wp-content\/uploads\/sites\/4\/2019\/11\/971440_543369515734343_1198806073_n.jpg 310w, https:\/\/church4you.be\/tournai\/wp-content\/uploads\/sites\/4\/2019\/11\/971440_543369515734343_1198806073_n-250x250.jpg 250w, https:\/\/church4you.be\/tournai\/wp-content\/uploads\/sites\/4\/2019\/11\/971440_543369515734343_1198806073_n-100x100.jpg 100w, https:\/\/church4you.be\/tournai\/wp-content\/uploads\/sites\/4\/2019\/11\/971440_543369515734343_1198806073_n-75x75.jpg 75w\" sizes=\"(max-width: 310px) 100vw, 310px\" \/><\/a>\n\t\t\t\t<\/figure>\n\t\t\t\t<div class=\"content\">\n\t\t\t<div class=\"clear\">\n\t\t\t\t<a href=\"https:\/\/church4you.be\/tournai\/church_group\/jeunes-chercheurs-de-dieu-tournai\/\"><h2>Chercheurs de Dieu &#8211; Tournai<\/h2><\/a>\n\n\t\t\t\t\n\t\t\t\t<p><\/p>\n\t\t\t\t\n\t\t\t\t\t\t\t\t\t\t\t\t\t\t<p class=\"mat-icon location\">\n\t\t\t\t\t\t<a href=\"https:\/\/church4you.be\/tournai\/church_group\/jeunes-chercheurs-de-dieu-tournai\/\">Chauss\u00e9e de Douai 181, 7500 Tournai, Belgique<\/a>\n\t\t\t\t\t\t<i class=\"material-icons\">keyboard_arrow_right<\/i>\n\t\t\t\t\t\tTournai\t\t\t\t\t\t\t\t\t\t\t<\/p>\n\t\t\t\t\t\t\t\t\t\n\t\t\t\t\t\t\t\t\t\t\t\t<div class=\"box-tax\"><a href=\"https:\/\/church4you.be\/tournai\/tag\/conscience\/\" rel=\"tag\">Conscience<\/a><a href=\"https:\/\/church4you.be\/tournai\/tag\/legende\/\" rel=\"tag\">l\u00e9gende<\/a><a href=\"https:\/\/church4you.be\/tournai\/tag\/lourdes\/\" rel=\"tag\">Lourdes<\/a><a href=\"https:\/\/church4you.be\/tournai\/tag\/mal\/\" rel=\"tag\">Mal<\/a><a href=\"https:\/\/church4you.be\/tournai\/tag\/mouvements-de-jeunesse\/\" rel=\"tag\">Mouvements de jeunesse<\/a><\/div>\t\t\t<\/div>\t\n\t\t\t<div class=\"clear\" style=\"margin-top: 20px;\">\n\t\t\t\t\n\t\t\t\t\t\t\t\t\t<a class=\"button hvr-float\" href=\"https:\/\/church4you.be\/tournai\/church_group\/jeunes-chercheurs-de-dieu-tournai\/\">Plus d'infos<\/a>\n\t\t\t\t\t\t\t\t\n\t\t\t<\/div>\n\t\t<\/div>\n\t<\/div>\n<\/div> <div class=\"grid-item block church_group hainaut\" data-latitude=\"0\" data-longitude=\"0\" data-title=\"Chercheurs de Dieu &#8211; Trazegnies\">\n\t<div class=\"inner\">\n\t\t\t\t<figure>\n\t\t<a href=\"https:\/\/church4you.be\/tournai\/church_group\/chercheurs-de-dieu-trazegnies\/\"><img src=\"https:\/\/church4you.be\/tournai\/wp-content\/uploads\/sites\/4\/2020\/09\/cropped-IMG_20190701_204930-580x135.jpg\" class=\"tac-event-img wp-post-image\" alt=\"\" loading=\"lazy\" srcset=\"https:\/\/church4you.be\/tournai\/wp-content\/uploads\/sites\/4\/2020\/09\/cropped-IMG_20190701_204930-580x135.jpg 580w, https:\/\/church4you.be\/tournai\/wp-content\/uploads\/sites\/4\/2020\/09\/cropped-IMG_20190701_204930-250x58.jpg 250w, https:\/\/church4you.be\/tournai\/wp-content\/uploads\/sites\/4\/2020\/09\/cropped-IMG_20190701_204930-768x179.jpg 768w, https:\/\/church4you.be\/tournai\/wp-content\/uploads\/sites\/4\/2020\/09\/cropped-IMG_20190701_204930-75x18.jpg 75w, https:\/\/church4you.be\/tournai\/wp-content\/uploads\/sites\/4\/2020\/09\/cropped-IMG_20190701_204930.jpg 1200w\" sizes=\"(max-width: 580px) 100vw, 580px\" \/><\/a>\n\t\t\t\t<\/figure>\n\t\t\t\t<div class=\"content\">\n\t\t\t<div class=\"clear\">\n\t\t\t\t<a href=\"https:\/\/church4you.be\/tournai\/church_group\/chercheurs-de-dieu-trazegnies\/\"><h2>Chercheurs de Dieu &#8211; Trazegnies<\/h2><\/a>\n\n\t\t\t\t\n\t\t\t\t<p><\/p>\n\t\t\t\t\n\t\t\t\t\t\t\t\t\t\t\t\t\t\t<p class=\"mat-icon location\">\n\t\t\t\t\t\t<a href=\"https:\/\/church4you.be\/tournai\/church_group\/chercheurs-de-dieu-trazegnies\/\">Rue L\u00e9andre Vilain 17, Courcelles, Belgique<\/a>\n\t\t\t\t\t\t<i class=\"material-icons\">keyboard_arrow_right<\/i>\n\t\t\t\t\t\tCourcelles\t\t\t\t\t\t\t\t\t\t\t<\/p>\n\t\t\t\t\t\t\t\t\t\n\t\t\t\t\t\t\t\t\t\t\t\t\t\t\t<\/div>\t\n\t\t\t<div class=\"clear\" style=\"margin-top: 20px;\">\n\t\t\t\t\n\t\t\t\t\t\t\t\t\t<a class=\"button hvr-float\" href=\"https:\/\/church4you.be\/tournai\/church_group\/chercheurs-de-dieu-trazegnies\/\">Plus d'infos<\/a>\n\t\t\t\t\t\t\t\t\n\t\t\t<\/div>\n\t\t<\/div>\n\t<\/div>\n<\/div> <div class=\"grid-item block church_group hainaut\" data-latitude=\"0\" data-longitude=\"0\" data-title=\"Fraternit\u00e9 de la Trinit\u00e9\">\n\t<div class=\"inner\">\n\t\t\t\t<div class=\"content\">\n\t\t\t<div class=\"clear\">\n\t\t\t\t<a href=\"https:\/\/church4you.be\/tournai\/church_group\/fraternite-de-la-trinite\/\"><h2>Fraternit\u00e9 de la Trinit\u00e9<\/h2><\/a>\n\n\t\t\t\t\n\t\t\t\t<p><\/p>\n\t\t\t\t\n\t\t\t\t\t\t\t\t\t\t\t\t\t\n\t\t\t\t\t\t\t\t\t\t\t\t\t\t\t<\/div>\t\n\t\t\t<div class=\"clear\" style=\"margin-top: 20px;\">\n\t\t\t\t\n\t\t\t\t\t\t\t\t\t<a class=\"button hvr-float\" href=\"https:\/\/church4you.be\/tournai\/church_group\/fraternite-de-la-trinite\/\">Plus d'infos<\/a>\n\t\t\t\t\t\t\t\t\n\t\t\t<\/div>\n\t\t<\/div>\n\t<\/div>\n<\/div> <div class=\"grid-item block church_group hainaut\" data-latitude=\"0\" data-longitude=\"0\" data-title=\"Fraternit\u00e9 de la Trinit\u00e9\">\n\t<div class=\"inner\">\n\t\t\t\t<figure>\n\t\t<a href=\"https:\/\/church4you.be\/church_group\/fraternite-de-la-trinite-2\/\"><img src=\"https:\/\/church4you.be\/tournai\/wp-content\/uploads\/sites\/4\/2020\/10\/IMG_0178-580x387.jpg\" class=\"tac-event-img wp-post-image\" alt=\"\" loading=\"lazy\" srcset=\"https:\/\/church4you.be\/tournai\/wp-content\/uploads\/sites\/4\/2020\/10\/IMG_0178-580x387.jpg 580w, https:\/\/church4you.be\/tournai\/wp-content\/uploads\/sites\/4\/2020\/10\/IMG_0178-250x167.jpg 250w, https:\/\/church4you.be\/tournai\/wp-content\/uploads\/sites\/4\/2020\/10\/IMG_0178-768x512.jpg 768w, https:\/\/church4you.be\/tournai\/wp-content\/uploads\/sites\/4\/2020\/10\/IMG_0178-75x50.jpg 75w, https:\/\/church4you.be\/tournai\/wp-content\/uploads\/sites\/4\/2020\/10\/IMG_0178.jpg 1350w\" sizes=\"(max-width: 580px) 100vw, 580px\" \/><\/a>\n\t\t\t\t<\/figure>\n\t\t\t\t<div class=\"content\">\n\t\t\t<div class=\"clear\">\n\t\t\t\t<a href=\"https:\/\/church4you.be\/church_group\/fraternite-de-la-trinite-2\/\"><h2>Fraternit\u00e9 de la Trinit\u00e9<\/h2><\/a>\n\n\t\t\t\t\n\t\t\t\t<p><\/p>\n\t\t\t\t\n\t\t\t\t\t\t\t\t\t\t\t\t\t\t<p class=\"mat-icon location\">\n\t\t\t\t\t\t<a href=\"https:\/\/church4you.be\/church_group\/fraternite-de-la-trinite-2\/\">Mons, Belgique<\/a>\n\t\t\t\t\t\t<i class=\"material-icons\">keyboard_arrow_right<\/i>\n\t\t\t\t\t\tMons\t\t\t\t\t\t\t\t\t\t\t<\/p>\n\t\t\t\t\t\t\t\t\t\n\t\t\t\t\t\t\t\t\t\t\t\t\t\t\t<\/div>\t\n\t\t\t<div class=\"clear\" style=\"margin-top: 20px;\">\n\t\t\t\t\n\t\t\t\t\t\t\t\t\t<a class=\"button hvr-float\" href=\"https:\/\/church4you.be\/church_group\/fraternite-de-la-trinite-2\/\">Plus d'infos<\/a>\n\t\t\t\t\t\t\t\t\n\t\t\t<\/div>\n\t\t<\/div>\n\t<\/div>\n<\/div> <div class=\"grid-item block church_group hainaut\" data-latitude=\"0\" data-longitude=\"0\" data-title=\"Groupe Jeunesse\">\n\t<div class=\"inner\">\n\t\t\t\t<figure>\n\t\t<a href=\"https:\/\/church4you.be\/tournai\/church_group\/groupe-jeunesse\/\"><img src=\"https:\/\/church4you.be\/tournai\/wp-content\/uploads\/sites\/4\/2020\/10\/woman-591576_1920-580x387.jpg\" class=\"tac-event-img wp-post-image\" alt=\"\" loading=\"lazy\" srcset=\"https:\/\/church4you.be\/tournai\/wp-content\/uploads\/sites\/4\/2020\/10\/woman-591576_1920-580x387.jpg 580w, https:\/\/church4you.be\/tournai\/wp-content\/uploads\/sites\/4\/2020\/10\/woman-591576_1920-250x167.jpg 250w, https:\/\/church4you.be\/tournai\/wp-content\/uploads\/sites\/4\/2020\/10\/woman-591576_1920-768x512.jpg 768w, https:\/\/church4you.be\/tournai\/wp-content\/uploads\/sites\/4\/2020\/10\/woman-591576_1920-75x50.jpg 75w, https:\/\/church4you.be\/tournai\/wp-content\/uploads\/sites\/4\/2020\/10\/woman-591576_1920.jpg 1350w\" sizes=\"(max-width: 580px) 100vw, 580px\" \/><\/a>\n\t\t\t\t<\/figure>\n\t\t\t\t<div class=\"content\">\n\t\t\t<div class=\"clear\">\n\t\t\t\t<a href=\"https:\/\/church4you.be\/tournai\/church_group\/groupe-jeunesse\/\"><h2>Groupe Jeunesse<\/h2><\/a>\n\n\t\t\t\t\n\t\t\t\t<p><\/p>\n\t\t\t\t\n\t\t\t\t\t\t\t\t\t\t\t\t\t\t<p class=\"mat-icon location\">\n\t\t\t\t\t\t<a href=\"https:\/\/church4you.be\/tournai\/church_group\/groupe-jeunesse\/\">Rue de la Fontaine 22, Enghien, Belgique<\/a>\n\t\t\t\t\t\t<i class=\"material-icons\">keyboard_arrow_right<\/i>\n\t\t\t\t\t\tEnghien\t\t\t\t\t\t\t\t\t\t\t<\/p>\n\t\t\t\t\t\t\t\t\t\n\t\t\t\t\t\t\t\t\t\t\t\t\t\t\t<\/div>\t\n\t\t\t<div class=\"clear\" style=\"margin-top: 20px;\">\n\t\t\t\t\n\t\t\t\t\t\t\t\t\t<a class=\"button hvr-float\" href=\"https:\/\/church4you.be\/tournai\/church_group\/groupe-jeunesse\/\">Plus d'infos<\/a>\n\t\t\t\t\t\t\t\t\n\t\t\t<\/div>\n\t\t<\/div>\n\t<\/div>\n<\/div> <div class=\"grid-item block church_group hainaut\" data-latitude=\"0\" data-longitude=\"0\" data-title=\"In Christo\">\n\t<div class=\"inner\">\n\t\t\t\t<figure>\n\t\t<a href=\"https:\/\/church4you.be\/tournai\/church_group\/in-christo\/\"><img src=\"https:\/\/church4you.be\/tournai\/wp-content\/uploads\/sites\/4\/2020\/10\/logo-inchristo-300x141-1.jpg\" class=\"tac-event-img wp-post-image\" alt=\"\" loading=\"lazy\" srcset=\"https:\/\/church4you.be\/tournai\/wp-content\/uploads\/sites\/4\/2020\/10\/logo-inchristo-300x141-1.jpg 300w, https:\/\/church4you.be\/tournai\/wp-content\/uploads\/sites\/4\/2020\/10\/logo-inchristo-300x141-1-250x118.jpg 250w, https:\/\/church4you.be\/tournai\/wp-content\/uploads\/sites\/4\/2020\/10\/logo-inchristo-300x141-1-75x35.jpg 75w\" sizes=\"(max-width: 300px) 100vw, 300px\" \/><\/a>\n\t\t\t\t<\/figure>\n\t\t\t\t<div class=\"content\">\n\t\t\t<div class=\"clear\">\n\t\t\t\t<a href=\"https:\/\/church4you.be\/tournai\/church_group\/in-christo\/\"><h2>In Christo<\/h2><\/a>\n\n\t\t\t\t\n\t\t\t\t<p><\/p>\n\t\t\t\t\n\t\t\t\t\t\t\t\t\t\t\t\t\t\t<p class=\"mat-icon location\">\n\t\t\t\t\t\t<a href=\"https:\/\/church4you.be\/tournai\/church_group\/in-christo\/\">Rue Sainte-Th\u00e9r\u00e8se, Erquelinnes, Belgique<\/a>\n\t\t\t\t\t\t<i class=\"material-icons\">keyboard_arrow_right<\/i>\n\t\t\t\t\t\tErquelinnes\t\t\t\t\t\t\t\t\t\t\t<\/p>\n\t\t\t\t\t\t\t\t\t\n\t\t\t\t\t\t\t\t\t\t\t\t\t\t\t<\/div>\t\n\t\t\t<div class=\"clear\" style=\"margin-top: 20px;\">\n\t\t\t\t\n\t\t\t\t\t\t\t\t\t<a class=\"button hvr-float\" href=\"https:\/\/church4you.be\/tournai\/church_group\/in-christo\/\">Plus d'infos<\/a>\n\t\t\t\t\t\t\t\t\n\t\t\t<\/div>\n\t\t<\/div>\n\t<\/div>\n<\/div> <div class=\"grid-item block church_group hainaut\" data-latitude=\"0\" data-longitude=\"0\" data-title=\"JAC&rsquo;s (Jeunes Athois Chr\u00e9tiens)\">\n\t<div class=\"inner\">\n\t\t\t\t<figure>\n\t\t<a href=\"https:\/\/church4you.be\/tournai\/church_group\/jac\/\"><img src=\"https:\/\/church4you.be\/tournai\/wp-content\/uploads\/sites\/4\/2014\/06\/Sans-titre-1-580x410.jpg\" class=\"tac-event-img wp-post-image\" alt=\"\" loading=\"lazy\" srcset=\"https:\/\/church4you.be\/tournai\/wp-content\/uploads\/sites\/4\/2014\/06\/Sans-titre-1-580x410.jpg 580w, https:\/\/church4you.be\/tournai\/wp-content\/uploads\/sites\/4\/2014\/06\/Sans-titre-1-250x177.jpg 250w, https:\/\/church4you.be\/tournai\/wp-content\/uploads\/sites\/4\/2014\/06\/Sans-titre-1-768x543.jpg 768w, https:\/\/church4you.be\/tournai\/wp-content\/uploads\/sites\/4\/2014\/06\/Sans-titre-1-75x53.jpg 75w, https:\/\/church4you.be\/tournai\/wp-content\/uploads\/sites\/4\/2014\/06\/Sans-titre-1.jpg 1273w\" sizes=\"(max-width: 580px) 100vw, 580px\" \/><\/a>\n\t\t\t\t<\/figure>\n\t\t\t\t<div class=\"content\">\n\t\t\t<div class=\"clear\">\n\t\t\t\t<a href=\"https:\/\/church4you.be\/tournai\/church_group\/jac\/\"><h2>JAC&rsquo;s (Jeunes Athois Chr\u00e9tiens)<\/h2><\/a>\n\n\t\t\t\t\n\t\t\t\t<p><\/p>\n\t\t\t\t\n\t\t\t\t\t\t\t\t\t\t\t\t\t\t<p class=\"mat-icon location\">\n\t\t\t\t\t\t<a href=\"https:\/\/church4you.be\/tournai\/church_group\/jac\/\">1, rue Salvador Allende \u00e0 7810 Maffle<\/a>\n\t\t\t\t\t\t<i class=\"material-icons\">keyboard_arrow_right<\/i>\n\t\t\t\t\t\tAth\t\t\t\t\t\t\t\t\t\t\t<\/p>\n\t\t\t\t\t\t\t\t\t\n\t\t\t\t\t\t\t\t\t\t\t\t<div class=\"box-tax\"><a href=\"https:\/\/church4you.be\/tournai\/tag\/13\/\" rel=\"tag\">+13<\/a><a href=\"https:\/\/church4you.be\/tournai\/tag\/bouddhisme\/\" rel=\"tag\">Bouddhisme<\/a><a href=\"https:\/\/church4you.be\/tournai\/tag\/conscience\/\" rel=\"tag\">Conscience<\/a><a href=\"https:\/\/church4you.be\/tournai\/tag\/convivialite\/\" rel=\"tag\">Convivialit\u00e9<\/a><a href=\"https:\/\/church4you.be\/tournai\/tag\/diocesain\/\" rel=\"tag\">dioc\u00e9sain<\/a><a href=\"https:\/\/church4you.be\/tournai\/tag\/eglise\/\" rel=\"tag\">Eglise<\/a><a href=\"https:\/\/church4you.be\/tournai\/tag\/formation\/\" rel=\"tag\">formation<\/a><a href=\"https:\/\/church4you.be\/tournai\/tag\/legende\/\" rel=\"tag\">l\u00e9gende<\/a><a href=\"https:\/\/church4you.be\/tournai\/tag\/misericorde\/\" rel=\"tag\">Mis\u00e9ricorde<\/a><a href=\"https:\/\/church4you.be\/tournai\/tag\/mondialisation\/\" rel=\"tag\">Mondialisation<\/a><a href=\"https:\/\/church4you.be\/tournai\/tag\/mouvements-de-jeunesse\/\" rel=\"tag\">Mouvements de jeunesse<\/a><a href=\"https:\/\/church4you.be\/tournai\/tag\/pape-francois\/\" rel=\"tag\">Pape Fran\u00e7ois<\/a><a href=\"https:\/\/church4you.be\/tournai\/tag\/paroisse\/\" rel=\"tag\">paroisse<\/a><a href=\"https:\/\/church4you.be\/tournai\/tag\/priere\/\" rel=\"tag\">Pri\u00e8re<\/a><a href=\"https:\/\/church4you.be\/tournai\/tag\/respect\/\" rel=\"tag\">Respect<\/a><a href=\"https:\/\/church4you.be\/tournai\/tag\/saints\/\" rel=\"tag\">Saints<\/a><\/div>\t\t\t<\/div>\t\n\t\t\t<div class=\"clear\" style=\"margin-top: 20px;\">\n\t\t\t\t\n\t\t\t\t\t\t\t\t\t<a class=\"button hvr-float\" href=\"https:\/\/church4you.be\/tournai\/church_group\/jac\/\">Plus d'infos<\/a>\n\t\t\t\t\t\t\t\t\n\t\t\t<\/div>\n\t\t<\/div>\n\t<\/div>\n<\/div> <div class=\"grid-item block church_group hainaut\" data-latitude=\"0\" data-longitude=\"0\" data-title=\"Jeunes du Val d&rsquo;Haine\">\n\t<div class=\"inner\">\n\t\t\t\t<div class=\"content\">\n\t\t\t<div class=\"clear\">\n\t\t\t\t<a href=\"https:\/\/church4you.be\/church_group\/jeunes-du-val-dhaine\/\"><h2>Jeunes du Val d&rsquo;Haine<\/h2><\/a>\n\n\t\t\t\t\n\t\t\t\t<p><\/p>\n\t\t\t\t\n\t\t\t\t\t\t\t\t\t\t\t\t\t\t<p class=\"mat-icon location\">\n\t\t\t\t\t\t<a href=\"https:\/\/church4you.be\/church_group\/jeunes-du-val-dhaine\/\">1, rue Saint-Martin \u00e0 7110 Str\u00e9py<\/a>\n\t\t\t\t\t\t<i class=\"material-icons\">keyboard_arrow_right<\/i>\n\t\t\t\t\t\tLa Louvi\u00e8re\t\t\t\t\t\t\t\t\t\t\t<\/p>\n\t\t\t\t\t\t\t\t\t\n\t\t\t\t\t\t\t\t\t\t\t\t\t\t\t<\/div>\t\n\t\t\t<div class=\"clear\" style=\"margin-top: 20px;\">\n\t\t\t\t\n\t\t\t\t\t\t\t\t\t<a class=\"button hvr-float\" href=\"https:\/\/church4you.be\/church_group\/jeunes-du-val-dhaine\/\">Plus d'infos<\/a>\n\t\t\t\t\t\t\t\t\n\t\t\t<\/div>\n\t\t<\/div>\n\t<\/div>\n<\/div> <div class=\"grid-item block church_group hainaut\" data-latitude=\"0.000000\" data-longitude=\"0.000000\" data-title=\"Kot Silo\u00e9\">\n\t<div class=\"inner\">\n\t\t\t\t<figure>\n\t\t<a href=\"https:\/\/church4you.be\/tournai\/church_group\/kot-siloe\/\"><img src=\"https:\/\/church4you.be\/tournai\/wp-content\/uploads\/sites\/4\/2014\/05\/personnes.jpg\" class=\"tac-event-img wp-post-image\" alt=\"\" loading=\"lazy\" srcset=\"https:\/\/church4you.be\/tournai\/wp-content\/uploads\/sites\/4\/2014\/05\/personnes.jpg 245w, https:\/\/church4you.be\/tournai\/wp-content\/uploads\/sites\/4\/2014\/05\/personnes-118x250.jpg 118w, https:\/\/church4you.be\/tournai\/wp-content\/uploads\/sites\/4\/2014\/05\/personnes-35x75.jpg 35w\" sizes=\"(max-width: 245px) 100vw, 245px\" \/><\/a>\n\t\t\t\t<\/figure>\n\t\t\t\t<div class=\"content\">\n\t\t\t<div class=\"clear\">\n\t\t\t\t<a href=\"https:\/\/church4you.be\/tournai\/church_group\/kot-siloe\/\"><h2>Kot Silo\u00e9<\/h2><\/a>\n\n\t\t\t\t\n\t\t\t\t<p><\/p>\n\t\t\t\t\n\t\t\t\t\t\t\t\t\t\t\t\t\t\t<p class=\"mat-icon location\">\n\t\t\t\t\t\t<a href=\"https:\/\/church4you.be\/tournai\/church_group\/kot-siloe\/\">rue des J\u00e9suites 28 7500 Belgique<\/a>\n\t\t\t\t\t\t<i class=\"material-icons\">keyboard_arrow_right<\/i>\n\t\t\t\t\t\t\t\t\t\t\t\t<br \/>()\t\t\t\t\t<\/p>\n\t\t\t\t\t\t\t\t\t\n\t\t\t\t\t\t\t\t\t\t\t\t<div class=\"box-tax\"><a href=\"https:\/\/church4you.be\/tournai\/tag\/actualite\/\" rel=\"tag\">Actualit\u00e9<\/a><a href=\"https:\/\/church4you.be\/tournai\/tag\/collocation\/\" rel=\"tag\">collocation<\/a><a href=\"https:\/\/church4you.be\/tournai\/tag\/ecoute\/\" rel=\"tag\">\u00c9coute<\/a><a href=\"https:\/\/church4you.be\/tournai\/tag\/eglise\/\" rel=\"tag\">Eglise<\/a><a href=\"https:\/\/church4you.be\/tournai\/tag\/etudiants\/\" rel=\"tag\">\u00e9tudiants<\/a><a href=\"https:\/\/church4you.be\/tournai\/tag\/foyer-chretien\/\" rel=\"tag\">foyer chr\u00e9tien<\/a><a href=\"https:\/\/church4you.be\/tournai\/tag\/legende\/\" rel=\"tag\">l\u00e9gende<\/a><a href=\"https:\/\/church4you.be\/tournai\/tag\/misericorde\/\" rel=\"tag\">Mis\u00e9ricorde<\/a><a href=\"https:\/\/church4you.be\/tournai\/tag\/pelerinage-diocesain-des-jeunes-a-taize\/\" rel=\"tag\">P\u00e8lerinage dioc\u00e9sain des jeunes \u00e0 Taiz\u00e9<\/a><\/div>\t\t\t<\/div>\t\n\t\t\t<div class=\"clear\" style=\"margin-top: 20px;\">\n\t\t\t\t\n\t\t\t\t\t\t\t\t\t<a class=\"button hvr-float\" href=\"https:\/\/church4you.be\/tournai\/church_group\/kot-siloe\/\">Plus d'infos<\/a>\n\t\t\t\t\t\t\t\t\n\t\t\t<\/div>\n\t\t<\/div>\n\t<\/div>\n<\/div> <div class=\"grid-item block church_group hainaut\" data-latitude=\"0\" data-longitude=\"0\" data-title=\"KT-groupe\">\n\t<div class=\"inner\">\n\t\t\t\t<div class=\"content\">\n\t\t\t<div class=\"clear\">\n\t\t\t\t<a href=\"https:\/\/church4you.be\/tournai\/church_group\/kt-groupe\/\"><h2>KT-groupe<\/h2><\/a>\n\n\t\t\t\t\n\t\t\t\t<p><\/p>\n\t\t\t\t\n\t\t\t\t\t\t\t\t\t\t\t\t\t\t<p class=\"mat-icon location\">\n\t\t\t\t\t\t<a href=\"https:\/\/church4you.be\/tournai\/church_group\/kt-groupe\/\">Rue du Chanoine Scarmure 15a, Soignies, Belgique<\/a>\n\t\t\t\t\t\t<i class=\"material-icons\">keyboard_arrow_right<\/i>\n\t\t\t\t\t\tSoignies\t\t\t\t\t\t\t\t\t\t\t<\/p>\n\t\t\t\t\t\t\t\t\t\n\t\t\t\t\t\t\t\t\t\t\t\t\t\t\t<\/div>\t\n\t\t\t<div class=\"clear\" style=\"margin-top: 20px;\">\n\t\t\t\t\n\t\t\t\t\t\t\t\t\t<a class=\"button hvr-float\" href=\"https:\/\/church4you.be\/tournai\/church_group\/kt-groupe\/\">Plus d'infos<\/a>\n\t\t\t\t\t\t\t\t\n\t\t\t<\/div>\n\t\t<\/div>\n\t<\/div>\n<\/div> <div class=\"grid-item block church_group hainaut\" data-latitude=\"0\" data-longitude=\"0\" data-title=\"KT+\">\n\t<div class=\"inner\">\n\t\t\t\t<figure>\n\t\t<a href=\"https:\/\/church4you.be\/tournai\/church_group\/kt\/\"><img src=\"https:\/\/church4you.be\/tournai\/wp-content\/uploads\/sites\/4\/2020\/09\/17884571_1219344371520548_3390542946304388335_n-580x229.jpg\" class=\"tac-event-img wp-post-image\" alt=\"\" loading=\"lazy\" srcset=\"https:\/\/church4you.be\/tournai\/wp-content\/uploads\/sites\/4\/2020\/09\/17884571_1219344371520548_3390542946304388335_n-580x229.jpg 580w, https:\/\/church4you.be\/tournai\/wp-content\/uploads\/sites\/4\/2020\/09\/17884571_1219344371520548_3390542946304388335_n-250x99.jpg 250w, https:\/\/church4you.be\/tournai\/wp-content\/uploads\/sites\/4\/2020\/09\/17884571_1219344371520548_3390542946304388335_n-75x30.jpg 75w, https:\/\/church4you.be\/tournai\/wp-content\/uploads\/sites\/4\/2020\/09\/17884571_1219344371520548_3390542946304388335_n.jpg 749w\" sizes=\"(max-width: 580px) 100vw, 580px\" \/><\/a>\n\t\t\t\t<\/figure>\n\t\t\t\t<div class=\"content\">\n\t\t\t<div class=\"clear\">\n\t\t\t\t<a href=\"https:\/\/church4you.be\/tournai\/church_group\/kt\/\"><h2>KT+<\/h2><\/a>\n\n\t\t\t\t\n\t\t\t\t<p><\/p>\n\t\t\t\t\n\t\t\t\t\t\t\t\t\t\t\t\t\t\t<p class=\"mat-icon location\">\n\t\t\t\t\t\t<a href=\"https:\/\/church4you.be\/tournai\/church_group\/kt\/\">Rue de Menin 93, Mouscron, Belgique<\/a>\n\t\t\t\t\t\t<i class=\"material-icons\">keyboard_arrow_right<\/i>\n\t\t\t\t\t\tMouscron\t\t\t\t\t\t\t\t\t\t\t<\/p>\n\t\t\t\t\t\t\t\t\t\n\t\t\t\t\t\t\t\t\t\t\t\t\t\t\t<\/div>\t\n\t\t\t<div class=\"clear\" style=\"margin-top: 20px;\">\n\t\t\t\t\n\t\t\t\t\t\t\t\t\t<a class=\"button hvr-float\" href=\"https:\/\/church4you.be\/tournai\/church_group\/kt\/\">Plus d'infos<\/a>\n\t\t\t\t\t\t\t\t\n\t\t\t<\/div>\n\t\t<\/div>\n\t<\/div>\n<\/div> <div class=\"grid-item block church_group hainaut\" data-latitude=\"0\" data-longitude=\"0\" data-title=\"Les 10-12 de Frameries\">\n\t<div class=\"inner\">\n\t\t\t\t<div class=\"content\">\n\t\t\t<div class=\"clear\">\n\t\t\t\t<a href=\"https:\/\/church4you.be\/tournai\/church_group\/les-10-12-de-frameries\/\"><h2>Les 10-12 de Frameries<\/h2><\/a>\n\n\t\t\t\t\n\t\t\t\t<p><\/p>\n\t\t\t\t\n\t\t\t\t\t\t\t\t\t\t\t\t\t\t<p class=\"mat-icon location\">\n\t\t\t\t\t\t<a href=\"https:\/\/church4you.be\/tournai\/church_group\/les-10-12-de-frameries\/\">Rue du 11 Novembre 11, Frameries, Belgique<\/a>\n\t\t\t\t\t\t<i class=\"material-icons\">keyboard_arrow_right<\/i>\n\t\t\t\t\t\tFrameries\t\t\t\t\t\t\t\t\t\t\t<\/p>\n\t\t\t\t\t\t\t\t\t\n\t\t\t\t\t\t\t\t\t\t\t\t\t\t\t<\/div>\t\n\t\t\t<div class=\"clear\" style=\"margin-top: 20px;\">\n\t\t\t\t\n\t\t\t\t\t\t\t\t\t<a class=\"button hvr-float\" href=\"https:\/\/church4you.be\/tournai\/church_group\/les-10-12-de-frameries\/\">Plus d'infos<\/a>\n\t\t\t\t\t\t\t\t\n\t\t\t<\/div>\n\t\t<\/div>\n\t<\/div>\n<\/div> <div class=\"grid-item block church_group hainaut\" data-latitude=\"0\" data-longitude=\"0\" data-title=\"Les 13-20 de Frameries\">\n\t<div class=\"inner\">\n\t\t\t\t<figure>\n\t\t<a href=\"https:\/\/church4you.be\/tournai\/church_group\/les-13-20-de-frameries\/\"><img src=\"https:\/\/church4you.be\/tournai\/wp-content\/uploads\/sites\/4\/2020\/10\/vie-joie-1003646_1920-16x9-1-1600x600-1-580x218.jpg\" class=\"tac-event-img wp-post-image\" alt=\"\" loading=\"lazy\" srcset=\"https:\/\/church4you.be\/tournai\/wp-content\/uploads\/sites\/4\/2020\/10\/vie-joie-1003646_1920-16x9-1-1600x600-1-580x218.jpg 580w, https:\/\/church4you.be\/tournai\/wp-content\/uploads\/sites\/4\/2020\/10\/vie-joie-1003646_1920-16x9-1-1600x600-1-250x94.jpg 250w, https:\/\/church4you.be\/tournai\/wp-content\/uploads\/sites\/4\/2020\/10\/vie-joie-1003646_1920-16x9-1-1600x600-1-768x288.jpg 768w, https:\/\/church4you.be\/tournai\/wp-content\/uploads\/sites\/4\/2020\/10\/vie-joie-1003646_1920-16x9-1-1600x600-1-1536x576.jpg 1536w, https:\/\/church4you.be\/tournai\/wp-content\/uploads\/sites\/4\/2020\/10\/vie-joie-1003646_1920-16x9-1-1600x600-1-75x28.jpg 75w, https:\/\/church4you.be\/tournai\/wp-content\/uploads\/sites\/4\/2020\/10\/vie-joie-1003646_1920-16x9-1-1600x600-1.jpg 1898w\" sizes=\"(max-width: 580px) 100vw, 580px\" \/><\/a>\n\t\t\t\t<\/figure>\n\t\t\t\t<div class=\"content\">\n\t\t\t<div class=\"clear\">\n\t\t\t\t<a href=\"https:\/\/church4you.be\/tournai\/church_group\/les-13-20-de-frameries\/\"><h2>Les 13-20 de Frameries<\/h2><\/a>\n\n\t\t\t\t\n\t\t\t\t<p><\/p>\n\t\t\t\t\n\t\t\t\t\t\t\t\t\t\t\t\t\t\t<p class=\"mat-icon location\">\n\t\t\t\t\t\t<a href=\"https:\/\/church4you.be\/tournai\/church_group\/les-13-20-de-frameries\/\">Rue du 11 Novembre 11, Frameries, Belgique<\/a>\n\t\t\t\t\t\t<i class=\"material-icons\">keyboard_arrow_right<\/i>\n\t\t\t\t\t\tFrameries\t\t\t\t\t\t\t\t\t\t\t<\/p>\n\t\t\t\t\t\t\t\t\t\n\t\t\t\t\t\t\t\t\t\t\t\t\t\t\t<\/div>\t\n\t\t\t<div class=\"clear\" style=\"margin-top: 20px;\">\n\t\t\t\t\n\t\t\t\t\t\t\t\t\t<a class=\"button hvr-float\" href=\"https:\/\/church4you.be\/tournai\/church_group\/les-13-20-de-frameries\/\">Plus d'infos<\/a>\n\t\t\t\t\t\t\t\t\n\t\t\t<\/div>\n\t\t<\/div>\n\t<\/div>\n<\/div> <\/div>\n<\/div>\n  <div class=\"facetwp-pager\"><\/div>\n","protected":false},"excerpt":{"rendered":"","protected":false},"author":1,"featured_media":0,"parent":0,"menu_order":0,"comment_status":"closed","ping_status":"closed","template":"","meta":[],"_links":{"self":[{"href":"https:\/\/church4you.be\/tournai\/wp-json\/wp\/v2\/pages\/860"}],"collection":[{"href":"https:\/\/church4you.be\/tournai\/wp-json\/wp\/v2\/pages"}],"about":[{"href":"https:\/\/church4you.be\/tournai\/wp-json\/wp\/v2\/types\/page"}],"author":[{"embeddable":true,"href":"https:\/\/church4you.be\/tournai\/wp-json\/wp\/v2\/users\/1"}],"replies":[{"embeddable":true,"href":"https:\/\/church4you.be\/tournai\/wp-json\/wp\/v2\/comments?post=860"}],"version-history":[{"count":1,"href":"https:\/\/church4you.be\/tournai\/wp-json\/wp\/v2\/pages\/860\/revisions"}],"predecessor-version":[{"id":1692,"href":"https:\/\/church4you.be\/tournai\/wp-json\/wp\/v2\/pages\/860\/revisions\/1692"}],"wp:attachment":[{"href":"https:\/\/church4you.be\/tournai\/wp-json\/wp\/v2\/media?parent=860"}],"curies":[{"name":"wp","href":"https:\/\/api.w.org\/{rel}","templated":true}]}}