{"id":10382,"date":"2023-10-13T09:47:50","date_gmt":"2023-10-13T07:47:50","guid":{"rendered":"https:\/\/church4you.be\/namur-lux\/?post_type=resource&#038;p=10382"},"modified":"2023-10-13T12:57:41","modified_gmt":"2023-10-13T10:57:41","slug":"3experiences","status":"publish","type":"resource","link":"https:\/\/church4you.be\/namur-lux\/resource\/3experiences\/","title":{"rendered":"3 exp\u00e9riences \u00e0 VIVRE pour mieux CROIRE"},"content":{"rendered":"\n<div class=\"wp-block-columns\">\n<div class=\"wp-block-column\" style=\"flex-basis:100%\">\n<p><strong>D\u00e9couvrez ou red\u00e9couvrez ici les exp\u00e9rience de la journ\u00e9e pastorale du 7 oct. 23. <\/strong><\/p>\n\n\n\n<p>Sur le th\u00e8me <strong>croire pour vivre, vivre pour croire<\/strong>, vous \u00eates invit\u00e9s \u00e0 une dynamique de groupe participative et de coconstruction du savoir bas\u00e9 sur vos exp\u00e9riences. \u00c0 d\u00e9faut de silence dans les oreilles, ces activit\u00e9s invitent \u00e0 se mettre \u00e0 l&rsquo;\u00e9coute du monde en faisant silence dans son c\u0153ur. Nous esp\u00e9rons que cette d\u00e9marche pourra \u2014&nbsp;comme nous l&rsquo;avons v\u00e9cu en dioc\u00e8se \u2014&nbsp;vous conduire dans la joie et la bienveillance \u00e0 un plus grande compr\u00e9hension de nos contemporains et de la place de notre \u00c9glise dans le monde. <\/p>\n\n\n\n<p><em>Ces exp\u00e9riences doivent \u00eatre <a href=\"https:\/\/church4you.be\/namur-lux\/resource\/debrief\/\">compl\u00e9t\u00e9es d&rsquo;une relecture<\/a><\/em>.<\/p>\n<\/div>\n<\/div>\n\n\n\n<figure class=\"wp-block-embed is-type-video is-provider-youtube wp-block-embed-youtube wp-embed-aspect-16-9 wp-has-aspect-ratio\"><div class=\"wp-block-embed__wrapper\">\n<iframe loading=\"lazy\" title=\"3 exp\u00e9riences \u00e0 VIVRE pour mieux CROIRE\" width=\"500\" height=\"281\" src=\"https:\/\/www.youtube.com\/embed\/jgCa_eJ5pL8?feature=oembed\" frameborder=\"0\" allow=\"accelerometer; autoplay; clipboard-write; encrypted-media; gyroscope; picture-in-picture; web-share\" allowfullscreen><\/iframe>\n<\/div><\/figure>\n\n\n\n<div class=\"wp-block-columns\">\n<div class=\"wp-block-column\">\n<figure class=\"wp-block-embed is-type-video is-provider-youtube wp-block-embed-youtube wp-embed-aspect-16-9 wp-has-aspect-ratio\"><div class=\"wp-block-embed__wrapper\">\n<iframe loading=\"lazy\" title=\"Peut-on vivre sans croire ? Delphine Horvilleur et Kamel Daoud\" width=\"500\" height=\"281\" src=\"https:\/\/www.youtube.com\/embed\/M80CcatUy-A?feature=oembed\" frameborder=\"0\" allow=\"accelerometer; autoplay; clipboard-write; encrypted-media; gyroscope; picture-in-picture; web-share\" allowfullscreen><\/iframe>\n<\/div><\/figure>\n<\/div>\n\n\n\n<div class=\"wp-block-column\">\n<figure class=\"wp-block-embed is-type-video is-provider-youtube wp-block-embed-youtube wp-embed-aspect-16-9 wp-has-aspect-ratio\"><div class=\"wp-block-embed__wrapper\">\n<iframe loading=\"lazy\" title=\"Le pouvoir du jeu Arte\" width=\"500\" height=\"281\" src=\"https:\/\/www.youtube.com\/embed\/6BA1nhd2Ozw?feature=oembed\" frameborder=\"0\" allow=\"accelerometer; autoplay; clipboard-write; encrypted-media; gyroscope; picture-in-picture; web-share\" allowfullscreen><\/iframe>\n<\/div><\/figure>\n<\/div>\n\n\n\n<div class=\"wp-block-column\">\n<figure class=\"wp-block-embed is-type-video is-provider-youtube wp-block-embed-youtube wp-embed-aspect-16-9 wp-has-aspect-ratio\"><div class=\"wp-block-embed__wrapper\">\n<iframe loading=\"lazy\" title=\"COMPRENDRE L&#039;ID\u00c9OLOGIE N\u00c9OLIB\u00c9RALE\" width=\"500\" height=\"281\" src=\"https:\/\/www.youtube.com\/embed\/S51irW9AkYU?feature=oembed\" frameborder=\"0\" allow=\"accelerometer; autoplay; clipboard-write; encrypted-media; gyroscope; picture-in-picture; web-share\" allowfullscreen><\/iframe>\n<\/div><\/figure>\n<\/div>\n<\/div>\n\n\n\n<div class=\"wp-block-columns\">\n<div class=\"wp-block-column\">\n<div class=\"wp-block-file\"><a href=\"https:\/\/church4you.be\/namur-lux\/wp-content\/uploads\/sites\/6\/2023\/10\/Salle-CROIRE.pdf\" class=\"wp-block-file__button\">Salle-CROIRE.pdf<\/a><\/div>\n<\/div>\n\n\n\n<div class=\"wp-block-column\">\n<div class=\"wp-block-file\"><a href=\"https:\/\/church4you.be\/namur-lux\/wp-content\/uploads\/sites\/6\/2023\/10\/Salle-VIVRE.pdf\" class=\"wp-block-file__button\">Salle-VIVRE.pdf<\/a><\/div>\n<\/div>\n\n\n\n<div class=\"wp-block-column\">\n<div class=\"wp-block-file\"><a href=\"https:\/\/church4you.be\/namur-lux\/wp-content\/uploads\/sites\/6\/2023\/10\/Salle-AUJOURDHUI-1.pdf\" class=\"wp-block-file__button\">Salle-AUJOURDHUI.pdf<\/a><\/div>\n<\/div>\n<\/div>\n\n\n\n<p><a href=\"https:\/\/www.swisstransfer.com\/d\/492cd6d5-7396-4589-b2e2-7107d1c5d365\">T\u00e9l\u00e9charger les montages en 15min des vid\u00e9os ci-dessus<\/a> (expire le&nbsp;<strong>12\/11\/2023<\/strong>)<\/p>\n","protected":false},"excerpt":{"rendered":"<p>D\u00e9couvrez ou red\u00e9couvrez ici les exp\u00e9rience de la journ\u00e9e pastorale du 7 oct. 23. Sur le th\u00e8me croire pour vivre, vivre pour croire, vous \u00eates invit\u00e9s \u00e0 une dynamique de groupe participative et de coconstruction du savoir bas\u00e9 sur vos exp\u00e9riences. \u00c0 d\u00e9faut de silence dans les oreilles, ces activit\u00e9s invitent \u00e0 se mettre \u00e0 &hellip; <\/p>\n<p class=\"link-more\"><a href=\"https:\/\/church4you.be\/namur-lux\/resource\/3experiences\/\" class=\"more-link\">Continue reading<span class=\"screen-reader-text\"> \u00ab\u00a03 exp\u00e9riences \u00e0 VIVRE pour mieux CROIRE\u00a0\u00bb<\/span><\/a><\/p>\n","protected":false},"author":8,"featured_media":10392,"template":"","tags":[],"_links":{"self":[{"href":"https:\/\/church4you.be\/namur-lux\/wp-json\/wp\/v2\/resource\/10382"}],"collection":[{"href":"https:\/\/church4you.be\/namur-lux\/wp-json\/wp\/v2\/resource"}],"about":[{"href":"https:\/\/church4you.be\/namur-lux\/wp-json\/wp\/v2\/types\/resource"}],"author":[{"embeddable":true,"href":"https:\/\/church4you.be\/namur-lux\/wp-json\/wp\/v2\/users\/8"}],"wp:featuredmedia":[{"embeddable":true,"href":"https:\/\/church4you.be\/namur-lux\/wp-json\/wp\/v2\/media\/10392"}],"wp:attachment":[{"href":"https:\/\/church4you.be\/namur-lux\/wp-json\/wp\/v2\/media?parent=10382"}],"wp:term":[{"taxonomy":"post_tag","embeddable":true,"href":"https:\/\/church4you.be\/namur-lux\/wp-json\/wp\/v2\/tags?post=10382"}],"curies":[{"name":"wp","href":"https:\/\/api.w.org\/{rel}","templated":true}]}}