{"id":10449,"date":"2023-11-14T11:47:49","date_gmt":"2023-11-14T10:47:49","guid":{"rendered":"https:\/\/church4you.be\/namur-lux\/?post_type=event&#038;p=10449"},"modified":"2025-10-30T14:52:20","modified_gmt":"2025-10-30T13:52:20","slug":"arlon","status":"publish","type":"event","link":"https:\/\/church4you.be\/namur-lux\/events\/event\/arlon\/","title":{"rendered":"Lumi\u00e8re pour la paix Arlon 2023"},"content":{"rendered":"\n<p>Afin de diffuser la <a href=\"https:\/\/church4you.be\/namur-lux\/news\/flamme\/\">flamme allum\u00e9e \u00e0 Bethl\u00e9em<\/a>, l&rsquo;<strong>unit\u00e9 pastorale Notre-Dame d\u2019Arlon<\/strong> vous invite \u00e0 une pri\u00e8re pour la paix le <strong>15\/12\/23 \u00e0 19h en l&rsquo;\u00e9glise du Sacr\u00e9-Coeur<\/strong>. Lors de cette veill\u00e9e, la flamme de Bethl\u00e9em sera diffus\u00e9e. N&rsquo;oubliez pas de prendre votre lanterne.<\/p>\n\n\n\n<figure class=\"wp-block-image size-full\"><img loading=\"lazy\" width=\"1702\" height=\"630\" src=\"https:\/\/church4you.be\/namur-lux\/wp-content\/uploads\/sites\/6\/2023\/11\/cover.jpg\" alt=\"\" class=\"wp-image-10453\" srcset=\"https:\/\/church4you.be\/namur-lux\/wp-content\/uploads\/sites\/6\/2023\/11\/cover.jpg 1702w, https:\/\/church4you.be\/namur-lux\/wp-content\/uploads\/sites\/6\/2023\/11\/cover-580x215.jpg 580w, https:\/\/church4you.be\/namur-lux\/wp-content\/uploads\/sites\/6\/2023\/11\/cover-250x93.jpg 250w, https:\/\/church4you.be\/namur-lux\/wp-content\/uploads\/sites\/6\/2023\/11\/cover-768x284.jpg 768w, https:\/\/church4you.be\/namur-lux\/wp-content\/uploads\/sites\/6\/2023\/11\/cover-1536x569.jpg 1536w, https:\/\/church4you.be\/namur-lux\/wp-content\/uploads\/sites\/6\/2023\/11\/cover-75x28.jpg 75w\" sizes=\"(max-width: 1702px) 100vw, 1702px\" \/><\/figure>\n\n\n\n<p>Vous ne pouvez pas participer \u00e0 cet \u00e9v\u00e8nement? <a href=\"https:\/\/church4you.be\/namur-lux\/news\/flamme\/\" data-type=\"URL\" data-id=\"https:\/\/church4you.be\/namur-lux\/news\/flamme\/\">D\u00e9couvrez l&rsquo;histoire de la flamme et comment la diffuser \u00e0 votre tour<\/a>.<\/p>\n","protected":false},"author":8,"featured_media":10451,"template":"","event-venue":[1157],"event-tag":[],"_links":{"self":[{"href":"https:\/\/church4you.be\/namur-lux\/wp-json\/wp\/v2\/event\/10449"}],"collection":[{"href":"https:\/\/church4you.be\/namur-lux\/wp-json\/wp\/v2\/event"}],"about":[{"href":"https:\/\/church4you.be\/namur-lux\/wp-json\/wp\/v2\/types\/event"}],"author":[{"embeddable":true,"href":"https:\/\/church4you.be\/namur-lux\/wp-json\/wp\/v2\/users\/8"}],"wp:featuredmedia":[{"embeddable":true,"href":"https:\/\/church4you.be\/namur-lux\/wp-json\/wp\/v2\/media\/10451"}],"wp:attachment":[{"href":"https:\/\/church4you.be\/namur-lux\/wp-json\/wp\/v2\/media?parent=10449"}],"wp:term":[{"taxonomy":"event-venue","embeddable":true,"href":"https:\/\/church4you.be\/namur-lux\/wp-json\/wp\/v2\/event-venue?post=10449"},{"taxonomy":"event-tag","embeddable":true,"href":"https:\/\/church4you.be\/namur-lux\/wp-json\/wp\/v2\/event-tag?post=10449"}],"curies":[{"name":"wp","href":"https:\/\/api.w.org\/{rel}","templated":true}]}}