{"id":7782,"date":"2020-10-20T16:23:26","date_gmt":"2020-10-20T14:23:26","guid":{"rendered":"https:\/\/church4you.be\/liege\/?post_type=resource&#038;p=7782"},"modified":"2020-10-20T16:23:27","modified_gmt":"2020-10-20T14:23:27","slug":"pas-de-securite-sans-solidarite","status":"publish","type":"resource","link":"https:\/\/church4you.be\/liege\/resource\/pas-de-securite-sans-solidarite\/","title":{"rendered":"Pas de s\u00e9curit\u00e9 sans solidarit\u00e9"},"content":{"rendered":"\n<figure class=\"wp-block-image size-large is-resized\"><img loading=\"lazy\" src=\"https:\/\/church4you.be\/liege\/wp-content\/uploads\/sites\/5\/2020\/10\/pas-de-securite\u0301-sans-solidarite\u0301.jpg\" alt=\"\" class=\"wp-image-7783\" width=\"300\" height=\"349\" srcset=\"https:\/\/church4you.be\/liege\/wp-content\/uploads\/sites\/5\/2020\/10\/pas-de-securite\u0301-sans-solidarite\u0301.jpg 400w, https:\/\/church4you.be\/liege\/wp-content\/uploads\/sites\/5\/2020\/10\/pas-de-securite\u0301-sans-solidarite\u0301-215x250.jpg 215w, https:\/\/church4you.be\/liege\/wp-content\/uploads\/sites\/5\/2020\/10\/pas-de-securite\u0301-sans-solidarite\u0301-65x75.jpg 65w\" sizes=\"(max-width: 300px) 100vw, 300px\" \/><\/figure>\n\n\n\n<p>Le plus grand changement, ce n\u2019est pas le masque mais la pauvret\u00e9 qui augmente. Pas de s\u00e9curit\u00e9 sans solidarit\u00e9. En pr\u00e9cipitant les m\u00e9nages pr\u00e9caires dans la pauvret\u00e9 et en d\u00e9t\u00e9riorant encore davantage les conditions de vie des personnes les plus fragiles, la pand\u00e9mie de Covid-19 aura exacerb\u00e9 les nombreuses in\u00e9galit\u00e9s \u00e0 l\u2019\u0153uvre dans nos soci\u00e9t\u00e9s. La crise sanitaire a, en effet, aggrav\u00e9 les injustices que subissent les personnes d\u00e9j\u00e0 vuln\u00e9rables et pr\u00e9caris\u00e9es. Elle aura aussi pr\u00e9cipit\u00e9 les personnes fragiles, mais se tenant jusqu\u2019ici au-dessus du seuil de pauvret\u00e9, dans l\u2019ins\u00e9curit\u00e9.<br><\/p>\n\n\n\n<p>Cette crise nous aura rappel\u00e9 \u00e0 tous le r\u00f4le protecteur essentiel que joue notre syst\u00e8me de s\u00e9curit\u00e9 sociale, qui consiste \u00e0 offrir une s\u00e9curit\u00e9 d\u2019existence \u00e0 chacun. Qu\u2019il s\u2019agisse d\u2019\u00e9conomie, de lien social, de droits humains ou encore d\u2019\u00e9cologie, partout, la question de l\u2019avenir se pose. Et pour le pr\u00e9parer, l\u2019\u00c9vangile nous invite \u00e0 prendre garde, \u00e0 rester \u00e9veill\u00e9s et \u00e0 nous appliquer au travail que le Seigneur a fix\u00e9 \u00e0 chacun de nous (Mc 13, 33-34).<br><\/p>\n\n\n\n<p>Le temps de l\u2019Avent fait entendre l\u2019appel \u00e0 pr\u00e9parer le chemin du Seigneur. Il est le temps privil\u00e9gi\u00e9 pour prier, d\u00e9noncer et agir pour une soci\u00e9t\u00e9 plus solidaire. Un temps de l\u2019Avent que nous vivons masqu\u00e9s cette ann\u00e9e et durant lequel <em>Action Vivre Ensemble<\/em> appelle \u00e0 une solidarit\u00e9 plus importante que d\u2018ordinaire pour endiguer la pand\u00e9mie de la pauvret\u00e9. Et ainsi renforcer un syst\u00e8me de protection sociale efficace qui pourrait grandement contribuer \u00e0 r\u00e9sorber les in\u00e9galit\u00e9s qui fracturent nos soci\u00e9t\u00e9s, \u00e0 rendre notre collectivit\u00e9 plus fraternelle et \u00e0 assurer, v\u00e9ritablement, la s\u00e9curit\u00e9 de chacun et chacune face aux crises, et aux nombreux al\u00e9as de nos vies.<br><\/p>\n\n\n\n<p>Une s\u00e9curit\u00e9 collective qui passe, entre autres, par une protection sociale consolid\u00e9e, par une r\u00e9partition plus \u00e9quitable des richesses, par le respect des droits fondamentaux, par un environnement sain, par des perspectives d\u2019avenir porteuses d\u2019espoir ou encore par des liens sociaux de qualit\u00e9.<\/p>\n\n\n\n<p><strong>Pour vivre cette campagne de l\u2019avent avec vos jeunes, voici&nbsp;:<\/strong><\/p>\n\n\n\n<p><strong><span class=\"has-inline-color has-group-color\"><a href=\"https:\/\/church4you.be\/liege\/wp-content\/uploads\/sites\/5\/2020\/10\/Pas-de-se\u0301curite\u0301-sans-solidarite\u0301-Pistes-.pdf\" data-type=\"URL\" data-id=\"https:\/\/church4you.be\/liege\/wp-content\/uploads\/sites\/5\/2020\/10\/Pas-de-se\u0301curite\u0301-sans-solidarite\u0301-Pistes-.pdf\" target=\"_blank\" rel=\"noreferrer noopener\">Des pistes<\/a><\/span><\/strong>\u00a0pour les pr\u00eatres, enseignants, et animateurs de jeunesse avec, pour chaque semaine,\u00a0: une m\u00e9ditation qui peut inspirer une hom\u00e9lie, des intentions de pri\u00e8re et un geste symbolique \u00e0 poser. Cette ann\u00e9e, une boussole sera utile pour marcher vers No\u00ebl.<\/p>\n\n\n\n<p><strong><span class=\"has-inline-color has-group-color\"><a href=\"https:\/\/church4you.be\/liege\/wp-content\/uploads\/sites\/5\/2020\/10\/Pas-de-se\u0301curite\u0301-sans-solidarite\u0301-Boussole-a\u0300-imprimer.pdf\" data-type=\"URL\" data-id=\"https:\/\/church4you.be\/liege\/wp-content\/uploads\/sites\/5\/2020\/10\/Pas-de-se\u0301curite\u0301-sans-solidarite\u0301-Boussole-a\u0300-imprimer.pdf\" target=\"_blank\" rel=\"noreferrer noopener\">Une boussole<\/a><\/span><\/strong> \u00e0 imprimer pour vivre un geste symbolique.<\/p>\n\n\n\n<p><strong><span class=\"has-inline-color has-group-color\"><a href=\"https:\/\/church4you.be\/liege\/wp-content\/uploads\/sites\/5\/2020\/10\/Pas-de-se\u0301curite\u0301-sans-solidarite\u0301-Droulement-jeu-de-la-boussole-de-solidarite\u0301.pdf\" data-type=\"URL\" data-id=\"https:\/\/church4you.be\/liege\/wp-content\/uploads\/sites\/5\/2020\/10\/Pas-de-se\u0301curite\u0301-sans-solidarite\u0301-Droulement-jeu-de-la-boussole-de-solidarite\u0301.pdf\" target=\"_blank\" rel=\"noreferrer noopener\">Le d\u00e9roulement du jeu \u00abla boussole de la solidarit\u00e9\u00a0\u00bb<\/a><\/span><\/strong> qui propose une discussion sur la s\u00e9curit\u00e9, sous toutes ses formes et permet de comprendre la dimension collective, solidaire et syst\u00e9mique des diff\u00e9rentes formes de s\u00e9curit\u00e9.<\/p>\n\n\n\n<p>NB&nbsp;: Boussole \u00e0 commander aupr\u00e8s de Vivre Ensemble \u00e0 <a href=\"https:\/\/vivre-ensemble.be\/commander-les-documents-et-outils-2843\" data-type=\"URL\" data-id=\"https:\/\/vivre-ensemble.be\/commander-les-documents-et-outils-2843\" target=\"_blank\" rel=\"noreferrer noopener\">cette adresse<\/a>.<\/p>\n","protected":false},"excerpt":{"rendered":"<p>Des outils pour vivre la campagne d\u2019avent 2020 de Vivre Ensemble.<\/p>\n","protected":false},"author":7,"featured_media":7783,"template":"","tags":[1749,1713,1763,1730,1717,1809,2327,1720,1631,1746,1805,1807,2328,1715,2341,1738,1756,1865],"_links":{"self":[{"href":"https:\/\/church4you.be\/liege\/wp-json\/wp\/v2\/resource\/7782"}],"collection":[{"href":"https:\/\/church4you.be\/liege\/wp-json\/wp\/v2\/resource"}],"about":[{"href":"https:\/\/church4you.be\/liege\/wp-json\/wp\/v2\/types\/resource"}],"author":[{"embeddable":true,"href":"https:\/\/church4you.be\/liege\/wp-json\/wp\/v2\/users\/7"}],"wp:featuredmedia":[{"embeddable":true,"href":"https:\/\/church4you.be\/liege\/wp-json\/wp\/v2\/media\/7783"}],"wp:attachment":[{"href":"https:\/\/church4you.be\/liege\/wp-json\/wp\/v2\/media?parent=7782"}],"wp:term":[{"taxonomy":"post_tag","embeddable":true,"href":"https:\/\/church4you.be\/liege\/wp-json\/wp\/v2\/tags?post=7782"}],"curies":[{"name":"wp","href":"https:\/\/api.w.org\/{rel}","templated":true}]}}