{"id":36205,"date":"2024-05-21T16:20:33","date_gmt":"2024-05-21T14:20:33","guid":{"rendered":"https:\/\/church4you.be\/bruxelles\/?post_type=event&#038;p=36205"},"modified":"2024-05-30T13:03:14","modified_gmt":"2024-05-30T11:03:14","slug":"camp-adomini-11-13-ans","status":"publish","type":"event","link":"https:\/\/church4you.be\/bruxelles\/events\/camp-adomini-11-13-ans\/","title":{"rendered":"CAMP ADOMINI (11-13 ANS)"},"content":{"rendered":"\n<h4>La communaut\u00e9 des B\u00e9atitudes propose un camp de 7 jours au c\u0153ur de la Sologne pour booster sa foi, faire l\u2019exp\u00e9rience de croire en Dieu, par la liturgie, la vie fraternelle\u2026 <\/h4>\n\n\n\n<p>Des temps d\u2019ateliers manuels et artistiques (pyrogravure, bracelets macram\u00e9, diabolo, taille de pierre\u2026 ) des moments de d\u00e9tente, des partages en groupes, des veill\u00e9es\u2026 Du Sport : tournoi de foot , de ping pong , volley , badminton, ultimate\u2026 Enfin, tout ce qu\u2019il faut pour vivre une super semaine !!! Un temps propice pour toi, nous t\u2019attendons&nbsp;! <\/p>\n\n\n\n<p>Ces camps agr\u00e9\u00e9s Jeunesse et Sport sont anim\u00e9s par&nbsp;<em>Esp\u00e9rance Jeunes<\/em>, l\u2019association de la Communaut\u00e9 des B\u00e9atitudes d\u00e9di\u00e9e \u00e0 la pastorale aupr\u00e8s des adolescents.<\/p>\n\n\n\n<p>Prix est de 275 \u20ac<\/p>\n\n\n\n<p>Lieux : Communaut\u00e9 des B\u00e9atitudes Domaine de Burtin 41700 Nouan-le-Fuzelier FRANCE<\/p>\n\n\n\n<p>Toutes les infos d&rsquo;inscriptions <a href=\"https:\/\/beatitudes.org\/evenement\/camp-adomini\/\" data-type=\"URL\" data-id=\"https:\/\/beatitudes.org\/evenement\/camp-adomini\/\">ici. <\/a><\/p>\n\n\n\n<figure class=\"wp-block-image size-full\"><img loading=\"lazy\" width=\"730\" height=\"283\" src=\"https:\/\/church4you.be\/bruxelles\/wp-content\/uploads\/sites\/2\/2024\/05\/Capture-decran-2024-05-21-161753.png\" alt=\"\" class=\"wp-image-36207\" srcset=\"https:\/\/church4you.be\/bruxelles\/wp-content\/uploads\/sites\/2\/2024\/05\/Capture-decran-2024-05-21-161753.png 730w, https:\/\/church4you.be\/bruxelles\/wp-content\/uploads\/sites\/2\/2024\/05\/Capture-decran-2024-05-21-161753-580x225.png 580w, https:\/\/church4you.be\/bruxelles\/wp-content\/uploads\/sites\/2\/2024\/05\/Capture-decran-2024-05-21-161753-250x97.png 250w, https:\/\/church4you.be\/bruxelles\/wp-content\/uploads\/sites\/2\/2024\/05\/Capture-decran-2024-05-21-161753-75x29.png 75w\" sizes=\"(max-width: 730px) 100vw, 730px\" \/><\/figure>\n\n\n\n<p><\/p>\n","protected":false},"author":4,"featured_media":36206,"template":"","event-venue":[],"event-tag":[1605,1606,1604,1584,1569],"_links":{"self":[{"href":"https:\/\/church4you.be\/bruxelles\/wp-json\/wp\/v2\/event\/36205"}],"collection":[{"href":"https:\/\/church4you.be\/bruxelles\/wp-json\/wp\/v2\/event"}],"about":[{"href":"https:\/\/church4you.be\/bruxelles\/wp-json\/wp\/v2\/types\/event"}],"author":[{"embeddable":true,"href":"https:\/\/church4you.be\/bruxelles\/wp-json\/wp\/v2\/users\/4"}],"wp:featuredmedia":[{"embeddable":true,"href":"https:\/\/church4you.be\/bruxelles\/wp-json\/wp\/v2\/media\/36206"}],"wp:attachment":[{"href":"https:\/\/church4you.be\/bruxelles\/wp-json\/wp\/v2\/media?parent=36205"}],"wp:term":[{"taxonomy":"event-venue","embeddable":true,"href":"https:\/\/church4you.be\/bruxelles\/wp-json\/wp\/v2\/event-venue?post=36205"},{"taxonomy":"event-tag","embeddable":true,"href":"https:\/\/church4you.be\/bruxelles\/wp-json\/wp\/v2\/event-tag?post=36205"}],"curies":[{"name":"wp","href":"https:\/\/api.w.org\/{rel}","templated":true}]}}