{"id":2391,"date":"2020-01-06T10:53:30","date_gmt":"2020-01-06T09:53:30","guid":{"rendered":"https:\/\/church4you.be\/bruxelles\/?post_type=about&#038;p=2391"},"modified":"2024-04-19T13:02:35","modified_gmt":"2024-04-19T11:02:35","slug":"le-service-de-la-pastorale-des-jeunes-de-bruxelles","status":"publish","type":"about","link":"https:\/\/church4you.be\/bruxelles\/about\/le-service-de-la-pastorale-des-jeunes-de-bruxelles\/","title":{"rendered":"Le Service de la Pastorale des Jeunes de Bruxelles"},"content":{"rendered":"\n<h2 class=\"has-text-align-left\"><strong>Notre mission&nbsp;: <\/strong><br><strong><em>\u00eatre au service des jeunes 11-35 ans\u2026 et de leurs animateurs&nbsp;!<\/em><\/strong><\/h2>\n\n\n\n<h2>1. <strong>Accueillir<\/strong> <strong>&amp; accompagner<\/strong><\/h2>\n\n\n\n<p>Dans un esprit d&rsquo;ouverture \u00e0 toutes les sensibilit\u00e9s eccl\u00e9siales et appartenances (paroisses, communaut\u00e9s, groupes de jeunes, mouvements&#8230;), nous avons pour mission de <em><strong>veiller \u00e0 ce que les jeunes aient leur place<\/strong><\/em> et leur espace dans l&rsquo;\u00c9glise, en \u00e9tant \u00e0 l&rsquo;\u00e9coute de leurs attentes et besoins. <br>Nous souhaitons \u00eatre particuli\u00e8rement attentifs aux jeunes en qu\u00eate de sens et \u00e0 ceux qui d\u00e9sirent rejoindre les lieux d&rsquo;\u00c9glise pour vivre leurs valeurs profondes, pour rencontrer J\u00e9sus-Christ ou pour s&rsquo;engager \u00e0 sa suite dans la pri\u00e8re, la rencontre avec les autres, la r\u00e9flexion, le service&#8230; <\/p>\n\n\n\n<ul><li>Nous veillons \u00e0 connaitre et faire connaitre tout ce qui existe pour les jeunes dans l\u2019Eglise \u00e0 Bruxelles. Nous accueillons et conseillons au mieux les jeunes (ou leur parents) qui prennent contact avec nous pour trouver un groupe avec lequel cheminer, un logement avec une vie communautaire chr\u00e9tienne, une chorale, un lieu o\u00f9 ils peuvent se mettre au service, une formation\u2026<\/li><li>Nous organisons, 2 \u00e0 3 fois par an, un Conseil Jeunes. C\u2019est un organe consultatif d\u2019une dizaine de jeunes, repr\u00e9sentant diff\u00e9rents groupes et sensibilit\u00e9s de Bruxelles. Ils nous partagent ce qu\u2019ils vivent, leurs attentes\/besoins, leurs difficult\u00e9s et joies, et\u00a0nous en profitons aussi pour soumettre \u00e0 leurs r\u00e9actions nos id\u00e9es et projets.<\/li><li>Nous avons \u00e9galement pour mission de promouvoir et faire connaitre l\u2019accompagnement spirituel aupr\u00e8s des jeunes.<\/li><\/ul>\n\n\n\n<h2>2. Soutenir et Communiquer<\/h2>\n\n\n\n<p>Nous travaillons pour et avec les Unit\u00e9s Pastorales dans leurs initiatives pour les jeunes \u00e0 partir de 11 ans, en collaboration avec nos coll\u00e8gues du service Grandir dans la Foi. Nous <em><strong>soutenons les animateurs de jeunes<\/strong><\/em> des UP de Bruxelles, des communaut\u00e9s et des mouvements dans leurs r\u00e9flexions et leurs actions locales, en leur proposant des outils, des personnes ressources, des formations &#8230; et en allant \u00e0 leur rencontre sur le terrain.<\/p>\n\n\n\n<p>Nous soutenons \u00e9galement toutes les initiatives chr\u00e9tiennes pour les jeunes \u00e0 Bruxelles en <strong><em>communiquant<\/em><\/strong> sur les groupes de pri\u00e8re, les moments de convivialit\u00e9, les concerts, les kots chr\u00e9tiens, les rencontres interreligieuses, les chorales, la solidarit\u00e9, les formations&#8230; en \u00e9tant en lien avec eux et en centralisant et mettant \u00e0 jour toutes leurs informations et \u00e9v\u00e9nements via notre site, notre compte Instagram et notre page Facebook.<\/p>\n\n\n\n<p><\/p>\n\n\n\n<h2>3. Rassembler<\/h2>\n\n\n\n<p>\u00c0 Bruxelles, nous avons la chance de disposer d&rsquo;une tr\u00e8s grande vari\u00e9t\u00e9 de propositions pour les jeunes. Nous avons \u00e0 c\u0153ur de les faire conna\u00eetre et de rassembler ces diff\u00e9rents groupes pour que chacun puisse d\u00e9couvrir les richesses des autres et \u00e9galement pour favoriser les liens et la collaboration entre eux. \u00c0 cette fin, nous <strong><em>organisons des \u00e9v\u00e9nements<\/em><\/strong> centr\u00e9s sur le Christ et la rencontre des autres, pour tous les jeunes en fonction de leur \u00e2ge :<\/p>\n\n\n\n<ul><li>Journ\u00e9e sp\u00e9ciale pour les 11-15 ans (f\u00e9vr-mars)<\/li><li>Rencontre pour les 15-18 ans (autour de P\u00e2ques)<\/li><li>P\u00e8lerinage \u00e0 Lourdes pour les 12-17 ans et les 18-30 ans (\u00e9t\u00e9)<\/li><li>Soir\u00e9e Church Meetup pour les \u00e9tudiants et jeunes professionnels (\u00e0 la rentr\u00e9e).<\/li><\/ul>\n\n\n\n<p>Nous sommes aussi attentifs \u00e0 promouvoir ce qui se vit en interdioc\u00e9sain (Church4You) ou en lien avec l\u2019Eglise universelle (JMJ par exemple) afin que les jeunes bruxellois puissent y prendre part et s\u2019y sentir invit\u00e9s et impliqu\u00e9s. \u00a0<\/p>\n\n\n\n<p><\/p>\n\n\n\n<p><\/p>\n\n\n\n<p><\/p>\n\n\n\n<h1 class=\"has-text-align-center\">La nouvelle Team <\/h1>\n\n\n\n<figure class=\"wp-block-image size-full\"><img loading=\"lazy\" width=\"1125\" height=\"750\" src=\"https:\/\/church4you.be\/bruxelles\/wp-content\/uploads\/sites\/2\/2023\/09\/nouvelle_team_pastoJeunes-edited-1.jpg\" alt=\"\" class=\"wp-image-35635\" srcset=\"https:\/\/church4you.be\/bruxelles\/wp-content\/uploads\/sites\/2\/2023\/09\/nouvelle_team_pastoJeunes-edited-1.jpg 1125w, https:\/\/church4you.be\/bruxelles\/wp-content\/uploads\/sites\/2\/2023\/09\/nouvelle_team_pastoJeunes-edited-1-580x387.jpg 580w, https:\/\/church4you.be\/bruxelles\/wp-content\/uploads\/sites\/2\/2023\/09\/nouvelle_team_pastoJeunes-edited-1-250x167.jpg 250w, https:\/\/church4you.be\/bruxelles\/wp-content\/uploads\/sites\/2\/2023\/09\/nouvelle_team_pastoJeunes-edited-1-768x512.jpg 768w, https:\/\/church4you.be\/bruxelles\/wp-content\/uploads\/sites\/2\/2023\/09\/nouvelle_team_pastoJeunes-edited-1-75x50.jpg 75w\" sizes=\"(max-width: 1125px) 100vw, 1125px\" \/><\/figure>\n\n\n\n<div class=\"wp-block-columns\">\n<div class=\"wp-block-column\">\n<p>Pour contacter l&rsquo;\u00e9quipe : <\/p>\n\n\n\n<div class=\"wp-block-buttons\">\n<div class=\"wp-block-button\"><a class=\"wp-block-button__link\" style=\"border-radius:50px\">Email : jeunes@catho-bruxelles.be<\/a><\/div>\n\n\n\n<div class=\"wp-block-button\"><a class=\"wp-block-button__link\">+32 02 \/ 533 29 27<\/a><\/div>\n\n\n\n<div class=\"wp-block-button\"><a class=\"wp-block-button__link\">gsm : 0497 16 95 23<\/a><\/div>\n<\/div>\n\n\n\n<p><\/p>\n<\/div>\n<\/div>\n\n\n\n<div class=\"wp-block-columns\">\n<div class=\"wp-block-column\">\n<h3 class=\"has-text-align-center\"><strong>Les pr\u00e9sentations <\/strong><\/h3>\n\n\n\n<figure class=\"wp-block-image size-full is-resized\"><img loading=\"lazy\" src=\"https:\/\/church4you.be\/bruxelles\/wp-content\/uploads\/sites\/2\/2023\/09\/IMG-7572-e1695647164555.jpg\" alt=\"Cynthia\" class=\"wp-image-35587\" width=\"483\" height=\"598\" srcset=\"https:\/\/church4you.be\/bruxelles\/wp-content\/uploads\/sites\/2\/2023\/09\/IMG-7572-e1695647164555.jpg 576w, https:\/\/church4you.be\/bruxelles\/wp-content\/uploads\/sites\/2\/2023\/09\/IMG-7572-e1695647164555-469x580.jpg 469w, https:\/\/church4you.be\/bruxelles\/wp-content\/uploads\/sites\/2\/2023\/09\/IMG-7572-e1695647164555-202x250.jpg 202w, https:\/\/church4you.be\/bruxelles\/wp-content\/uploads\/sites\/2\/2023\/09\/IMG-7572-e1695647164555-61x75.jpg 61w\" sizes=\"(max-width: 483px) 100vw, 483px\" \/><\/figure>\n<\/div>\n\n\n\n<div class=\"wp-block-column\">\n<p> <\/p>\n\n\n\n<p> <\/p>\n\n\n\n<p class=\"has-text-align-left\"><strong><mark>Cynthia L.<\/mark><\/strong><\/p>\n\n\n\n<p>Servir Dieu en \u00e9tant au service des jeunes, quoi de plus beau ?<br>Apr\u00e8s un parcours \u00e9tudiant et professionnel atypique, \u00e0 la recherche de sens, humblement, j\u2019ai demand\u00e9 \u00e0 Dieu \u00ab Seigneur fait de moi un instrument de ta paix \u00bb.<br>Et me voici,\u00e0 la Pastorale des Jeunes de Bruxelles !<br>J\u2019esp\u00e8re semer de la joie et de l\u2019amour \u00e0 travers nos activit\u00e9s, pour qu\u2019ensemble notre foi grandisse.<\/p>\n\n\n\n<p>Are you ready ? Let\u2019s Go \ud83d\ude09<\/p>\n\n\n\n<div class=\"wp-block-buttons\">\n<div class=\"wp-block-button\"><a class=\"wp-block-button__link\" href=\"cynthia.libbrecht@catho-bruxelles.be\">email<\/a><\/div>\n\n\n\n<div class=\"wp-block-button\"><a class=\"wp-block-button__link\">+32 2 533 29 65<\/a><\/div>\n<\/div>\n\n\n\n<p><\/p>\n<\/div>\n<\/div>\n\n\n\n<div class=\"wp-block-columns are-vertically-aligned-top\">\n<div class=\"wp-block-column\">\n<p><\/p>\n\n\n\n<p><mark> <strong>Bertrand T.<\/strong> <\/mark><\/p>\n\n\n\n<p>Bonjour \u00e0 tous,<br>Je suis Bertrand, Bruxellois et originaire du Rwanda.<br>Je suis d\u2019Anderlecht et ma foi y a beaucoup grandi gr\u00e2ce \u00e0 la communaut\u00e9 paroissiale de Saint-Fran\u00e7ois Xavier. J&rsquo;ai \u00e9t\u00e9 acolyte et j\u2019ai pass\u00e9 pr\u00e8s d&rsquo;une dizaine d&rsquo;ann\u00e9es au sein du groupe de jeunes, qui accueillait les jeunes apr\u00e8s les sacrements de l&rsquo;initiation chr\u00e9tienne.<br>En plus du cheminement avec d&rsquo;autres jeunes au sein de ce groupe, les petits camps de Beauraing, le Festival Choose Life, ainsi que les JMJ ont profond\u00e9ment enrichi ma foi. Apr\u00e8s des \u00e9tudes de psychologie, j&rsquo;ai eu l&rsquo;opportunit\u00e9 de contribuer \u00e0 promouvoir et \u00e0 soutenir de telles initiatives, ainsi que divers groupes et activit\u00e9s pour les jeunes, en travaillant au sein de la pastorale des jeunes de Bruxelles (depuis 2018).<\/p>\n\n\n\n<div class=\"wp-block-buttons\">\n<div class=\"wp-block-button\"><a class=\"wp-block-button__link\" href=\"bertrand.turatsinze@catho-bruxelles.be\">email<\/a><\/div>\n\n\n\n<div class=\"wp-block-button\"><a class=\"wp-block-button__link\">+32 2 533 29 67<\/a><\/div>\n<\/div>\n<\/div>\n\n\n\n<div class=\"wp-block-column\">\n<figure class=\"wp-block-image size-full\"><img loading=\"lazy\" width=\"562\" height=\"750\" src=\"https:\/\/church4you.be\/bruxelles\/wp-content\/uploads\/sites\/2\/2023\/09\/IMG-7581-edited.jpg\" alt=\"Bertrand\" class=\"wp-image-35636\" srcset=\"https:\/\/church4you.be\/bruxelles\/wp-content\/uploads\/sites\/2\/2023\/09\/IMG-7581-edited.jpg 562w, https:\/\/church4you.be\/bruxelles\/wp-content\/uploads\/sites\/2\/2023\/09\/IMG-7581-edited-435x580.jpg 435w, https:\/\/church4you.be\/bruxelles\/wp-content\/uploads\/sites\/2\/2023\/09\/IMG-7581-edited-187x250.jpg 187w, https:\/\/church4you.be\/bruxelles\/wp-content\/uploads\/sites\/2\/2023\/09\/IMG-7581-edited-56x75.jpg 56w\" sizes=\"(max-width: 562px) 100vw, 562px\" \/><\/figure>\n<\/div>\n<\/div>\n\n\n\n<div class=\"wp-block-columns are-vertically-aligned-top\">\n<div class=\"wp-block-column\">\n<figure class=\"wp-block-image size-full\"><img loading=\"lazy\" width=\"519\" height=\"692\" src=\"https:\/\/church4you.be\/bruxelles\/wp-content\/uploads\/sites\/2\/2023\/09\/IMG-7584-edited.jpg\" alt=\"Fr David\" class=\"wp-image-35644\" srcset=\"https:\/\/church4you.be\/bruxelles\/wp-content\/uploads\/sites\/2\/2023\/09\/IMG-7584-edited.jpg 519w, https:\/\/church4you.be\/bruxelles\/wp-content\/uploads\/sites\/2\/2023\/09\/IMG-7584-edited-435x580.jpg 435w, https:\/\/church4you.be\/bruxelles\/wp-content\/uploads\/sites\/2\/2023\/09\/IMG-7584-edited-188x250.jpg 188w, https:\/\/church4you.be\/bruxelles\/wp-content\/uploads\/sites\/2\/2023\/09\/IMG-7584-edited-56x75.jpg 56w\" sizes=\"(max-width: 519px) 100vw, 519px\" \/><\/figure>\n<\/div>\n\n\n\n<div class=\"wp-block-column\">\n<p><\/p>\n\n\n\n<p><mark><strong> Fr David <\/strong><\/mark><\/p>\n\n\n\n<p>Bonjour, <br>Je suis David BINIDI, surnomm\u00e9 Padr\u00e9 Chill au Centre Pastoral. En ce qui concerne mes \u00e9tudes, j\u2019ai fait un baccalaur\u00e9at canonique commenc\u00e9 \u00e0 l\u2019Institut d\u2019\u00c9tudes Th\u00e9ologiques que j\u2019ai achev\u00e9 \u00e0 la facult\u00e9 de th\u00e9ologie de l\u2019universit\u00e9 Catholique de Louvain-La-Neuve. L\u00e0 j\u2019ai poursuivi avec un master en th\u00e9ologie \u00e9thique que j\u2019ai achev\u00e9 en 2022.<br>J\u2019ai aussi fait une formation professionnelle en art d\u00e9coratif et vestimentaire.<br>J\u2019aime beaucoup la musique ; je pratique le chant et la fl\u00fbte traversi\u00e8re.<br>Mes hobbies ? art, voyage d\u00e9couverte, po\u00e9sie.<br>Et \u00e9videmment\u2026 j\u2019aime travailler avec les jeunes !<\/p>\n\n\n\n<div class=\"wp-block-buttons\">\n<div class=\"wp-block-button\"><a class=\"wp-block-button__link\" href=\"david.binidi@catho-bruxelles.be\">email<\/a><\/div>\n\n\n\n<div class=\"wp-block-button\"><a class=\"wp-block-button__link\">+32 2 533 29 68<\/a><\/div>\n<\/div>\n<\/div>\n<\/div>\n\n\n\n<div class=\"wp-block-columns are-vertically-aligned-top\">\n<div class=\"wp-block-column\">\n<p><\/p>\n\n\n\n<p><strong><mark> Ya\u00ebl B. <\/mark><\/strong><\/p>\n\n\n\n<p>Je suis une bruxelloise qui a migr\u00e9 en France quelques temps pour ses \u00e9tudes et qui a \u00e9pous\u00e9 un fran\u00e7ais (mais il est presque devenu belge depuis).<br>C\u2019est en 2018 que j\u2019ai rejoint l\u2019\u00e9quipe de la Pastorale des Jeunes de Bruxelles (en m\u00eame temps que Bertrand).<br>\u00catre au service des jeunes et de l\u2019Eglise : un d\u00e9fi et un bonheur !<br>Les coll\u00e8gues, le caf\u00e9, rencontrer des animateurs incroyables et des jeunes extraordinaires, <br>puis surtout la pr\u00e9sence de Dieu en toute chose\u2026 <br>voil\u00e0 ce que je pr\u00e9f\u00e8re !<\/p>\n\n\n\n<div class=\"wp-block-buttons\">\n<div class=\"wp-block-button\"><a class=\"wp-block-button__link\" href=\"yael.braeckmans@catho-bruxelles.be\">email<\/a><\/div>\n\n\n\n<div class=\"wp-block-button\"><a class=\"wp-block-button__link\">+32 2 533 29 66<\/a><\/div>\n<\/div>\n<\/div>\n\n\n\n<div class=\"wp-block-column\">\n<figure class=\"wp-block-image size-full\"><img loading=\"lazy\" width=\"496\" height=\"662\" src=\"https:\/\/church4you.be\/bruxelles\/wp-content\/uploads\/sites\/2\/2023\/09\/IMG-7588-edited.jpg\" alt=\"Ya\u00ebl\" class=\"wp-image-35645\" srcset=\"https:\/\/church4you.be\/bruxelles\/wp-content\/uploads\/sites\/2\/2023\/09\/IMG-7588-edited.jpg 496w, https:\/\/church4you.be\/bruxelles\/wp-content\/uploads\/sites\/2\/2023\/09\/IMG-7588-edited-435x580.jpg 435w, https:\/\/church4you.be\/bruxelles\/wp-content\/uploads\/sites\/2\/2023\/09\/IMG-7588-edited-187x250.jpg 187w, https:\/\/church4you.be\/bruxelles\/wp-content\/uploads\/sites\/2\/2023\/09\/IMG-7588-edited-56x75.jpg 56w\" sizes=\"(max-width: 496px) 100vw, 496px\" \/><\/figure>\n<\/div>\n<\/div>\n\n\n\n<div class=\"wp-block-columns are-vertically-aligned-top\">\n<div class=\"wp-block-column\">\n<figure class=\"wp-block-image size-full\"><img loading=\"lazy\" width=\"450\" height=\"600\" src=\"https:\/\/church4you.be\/bruxelles\/wp-content\/uploads\/sites\/2\/2023\/09\/IMG-7570-edited.jpg\" alt=\"David\" class=\"wp-image-35646\" srcset=\"https:\/\/church4you.be\/bruxelles\/wp-content\/uploads\/sites\/2\/2023\/09\/IMG-7570-edited.jpg 450w, https:\/\/church4you.be\/bruxelles\/wp-content\/uploads\/sites\/2\/2023\/09\/IMG-7570-edited-435x580.jpg 435w, https:\/\/church4you.be\/bruxelles\/wp-content\/uploads\/sites\/2\/2023\/09\/IMG-7570-edited-188x250.jpg 188w, https:\/\/church4you.be\/bruxelles\/wp-content\/uploads\/sites\/2\/2023\/09\/IMG-7570-edited-56x75.jpg 56w\" sizes=\"(max-width: 450px) 100vw, 450px\" \/><\/figure>\n<\/div>\n\n\n\n<div class=\"wp-block-column\">\n<p><\/p>\n\n\n\n<p><strong><mark>David F.<\/mark><\/strong><\/p>\n\n\n\n<p>Paix et Bien \u00e0 toi !<br>Je viens d&rsquo;une montagne des Alpes o\u00f9 j&rsquo;ai grandi aux pieds des pistes de ski et de v\u00e9los et avec des parapentes en guise d&rsquo;oiseaux.<br>Cette mission est pour moi une r\u00e9ponse directe \u00e0 l&rsquo;appel du pape aux jeunes. Avant de rejoindre l&rsquo;\u00e9quipe de Bruxelles, je travaillais d\u00e9j\u00e0 pour la Pastorale des Jeunes\u2026 \u00e0 Strasbourg !<br>Aventurier, geek et passionn\u00e9 du Christ j&rsquo;aime explorer et d\u00e9couvrir la beaut\u00e9 dans toutes les formes que Dieu \u00e0 cr\u00e9\u00e9.<br>Rattach\u00e9 \u00e0 la Jeunesse Franciscaine depuis maintenant 3 ans, je marche sur les pas de Saint Fran\u00e7ois pour approfondir ma relation avec le Christ.<\/p>\n\n\n\n<div class=\"wp-block-buttons\">\n<div class=\"wp-block-button\"><a class=\"wp-block-button__link\" href=\"david.fontanieu@catho-bruxelles.be\">email<\/a><\/div>\n\n\n\n<div class=\"wp-block-button\"><a class=\"wp-block-button__link\">+32 2 533 29 69<\/a><\/div>\n<\/div>\n<\/div>\n<\/div>\n","protected":false},"excerpt":{"rendered":"<p>Notre mission&nbsp;: \u00eatre au service des jeunes 11-35 ans\u2026 et de leurs animateurs&nbsp;! 1. Accueillir &amp; accompagner Dans un esprit d&rsquo;ouverture \u00e0 toutes les sensibilit\u00e9s eccl\u00e9siales et appartenances (paroisses, communaut\u00e9s, groupes de jeunes, mouvements&#8230;), nous avons pour mission de veiller \u00e0 ce que les jeunes aient leur place et leur espace dans l&rsquo;\u00c9glise, en \u00e9tant &hellip; <\/p>\n<p class=\"link-more\"><a href=\"https:\/\/church4you.be\/bruxelles\/about\/le-service-de-la-pastorale-des-jeunes-de-bruxelles\/\" class=\"more-link\">Continue reading<span class=\"screen-reader-text\"> \u00ab\u00a0Le Service de la Pastorale des Jeunes de Bruxelles\u00a0\u00bb<\/span><\/a><\/p>\n","protected":false},"author":1,"featured_media":35659,"template":"","tags":[],"_links":{"self":[{"href":"https:\/\/church4you.be\/bruxelles\/wp-json\/wp\/v2\/about\/2391"}],"collection":[{"href":"https:\/\/church4you.be\/bruxelles\/wp-json\/wp\/v2\/about"}],"about":[{"href":"https:\/\/church4you.be\/bruxelles\/wp-json\/wp\/v2\/types\/about"}],"author":[{"embeddable":true,"href":"https:\/\/church4you.be\/bruxelles\/wp-json\/wp\/v2\/users\/1"}],"wp:featuredmedia":[{"embeddable":true,"href":"https:\/\/church4you.be\/bruxelles\/wp-json\/wp\/v2\/media\/35659"}],"wp:attachment":[{"href":"https:\/\/church4you.be\/bruxelles\/wp-json\/wp\/v2\/media?parent=2391"}],"wp:term":[{"taxonomy":"post_tag","embeddable":true,"href":"https:\/\/church4you.be\/bruxelles\/wp-json\/wp\/v2\/tags?post=2391"}],"curies":[{"name":"wp","href":"https:\/\/api.w.org\/{rel}","templated":true}]}}