{"id":8528,"date":"2023-04-05T16:18:40","date_gmt":"2023-04-05T14:18:40","guid":{"rendered":"https:\/\/church4you.be\/brabant-wallon\/?post_type=resource&#038;p=8528"},"modified":"2023-04-05T16:18:41","modified_gmt":"2023-04-05T14:18:41","slug":"videos-pour-le-careme","status":"publish","type":"resource","link":"https:\/\/church4you.be\/brabant-wallon\/resource\/videos-pour-le-careme\/","title":{"rendered":"Vid\u00e9os pour le Car\u00eame"},"content":{"rendered":"\n<h2> <strong>Qu&rsquo;est-ce que le je\u00fbne, la pri\u00e8re et l&rsquo;aum\u00f4ne ?\u00a0<\/strong> <\/h2>\n\n\n\n<p>Nous avons rencontr\u00e9 <strong>Marie<\/strong>, <strong>C\u00e9line<\/strong> et le <strong>Fr\u00e8re Tomeck <\/strong>pour r\u00e9pondre \u00e0 cette question.<\/p>\n\n\n\n<p>Ils nous expliquent en quelques mots ce que signifient pour eux ces trois piliers du Car\u00eame et nous partagent leur exp\u00e9rience !<\/p>\n\n\n\n<p>A voir et revoir pour soi-m\u00eame et \u00e0 utiliser comme outils lors d&rsquo;animations avec les jeunes (plus d&rsquo;outils disponibles sur les articles consacr\u00e9s \u00e0 chaque dimension du Car\u00eame) !<\/p>\n\n\n\n<p>Bon visionnage !<\/p>\n\n\n\n<figure class=\"wp-block-embed is-type-video is-provider-youtube wp-block-embed-youtube wp-embed-aspect-16-9 wp-has-aspect-ratio\"><div class=\"wp-block-embed__wrapper\">\n<iframe loading=\"lazy\" title=\"La pri\u00e8re vue par Marie\" width=\"500\" height=\"281\" src=\"https:\/\/www.youtube.com\/embed\/gjWk-CbUV8U?start=1&#038;feature=oembed\" frameborder=\"0\" allow=\"accelerometer; autoplay; clipboard-write; encrypted-media; gyroscope; picture-in-picture; web-share\" allowfullscreen><\/iframe>\n<\/div><\/figure>\n\n\n\n<figure class=\"wp-block-embed is-type-video is-provider-youtube wp-block-embed-youtube wp-embed-aspect-16-9 wp-has-aspect-ratio\"><div class=\"wp-block-embed__wrapper\">\n<iframe loading=\"lazy\" title=\"Le je\u00fbne vu par C\u00e9line\" width=\"500\" height=\"281\" src=\"https:\/\/www.youtube.com\/embed\/j4XOR3HCErk?feature=oembed\" frameborder=\"0\" allow=\"accelerometer; autoplay; clipboard-write; encrypted-media; gyroscope; picture-in-picture; web-share\" allowfullscreen><\/iframe>\n<\/div><\/figure>\n\n\n\n<figure class=\"wp-block-embed is-type-video is-provider-youtube wp-block-embed-youtube wp-embed-aspect-16-9 wp-has-aspect-ratio\"><div class=\"wp-block-embed__wrapper\">\n<iframe loading=\"lazy\" title=\"La charit\u00e9 vue par Fr\u00e8re Tomeck\" width=\"500\" height=\"281\" src=\"https:\/\/www.youtube.com\/embed\/ngPm0AZZ5v0?start=1&#038;feature=oembed\" frameborder=\"0\" allow=\"accelerometer; autoplay; clipboard-write; encrypted-media; gyroscope; picture-in-picture; web-share\" allowfullscreen><\/iframe>\n<\/div><\/figure>\n","protected":false},"excerpt":{"rendered":"<p>Qu&rsquo;est-ce que le je\u00fbne, la pri\u00e8re et l&rsquo;aum\u00f4ne ?\u00a0 Nous avons rencontr\u00e9 Marie, C\u00e9line et le Fr\u00e8re Tomeck pour r\u00e9pondre \u00e0 cette question. Ils nous expliquent en quelques mots ce que signifient pour eux ces trois piliers du Car\u00eame et nous partagent leur exp\u00e9rience ! A voir et revoir pour soi-m\u00eame et \u00e0 utiliser comme &hellip; <\/p>\n<p class=\"link-more\"><a href=\"https:\/\/church4you.be\/brabant-wallon\/resource\/videos-pour-le-careme\/\" class=\"more-link\">Continue reading<span class=\"screen-reader-text\"> \u00ab\u00a0Vid\u00e9os pour le Car\u00eame\u00a0\u00bb<\/span><\/a><\/p>\n","protected":false},"author":5,"featured_media":8531,"template":"","tags":[344,1217,970,804,427,661],"_links":{"self":[{"href":"https:\/\/church4you.be\/brabant-wallon\/wp-json\/wp\/v2\/resource\/8528"}],"collection":[{"href":"https:\/\/church4you.be\/brabant-wallon\/wp-json\/wp\/v2\/resource"}],"about":[{"href":"https:\/\/church4you.be\/brabant-wallon\/wp-json\/wp\/v2\/types\/resource"}],"author":[{"embeddable":true,"href":"https:\/\/church4you.be\/brabant-wallon\/wp-json\/wp\/v2\/users\/5"}],"wp:featuredmedia":[{"embeddable":true,"href":"https:\/\/church4you.be\/brabant-wallon\/wp-json\/wp\/v2\/media\/8531"}],"wp:attachment":[{"href":"https:\/\/church4you.be\/brabant-wallon\/wp-json\/wp\/v2\/media?parent=8528"}],"wp:term":[{"taxonomy":"post_tag","embeddable":true,"href":"https:\/\/church4you.be\/brabant-wallon\/wp-json\/wp\/v2\/tags?post=8528"}],"curies":[{"name":"wp","href":"https:\/\/api.w.org\/{rel}","templated":true}]}}