{"id":13130,"date":"2025-02-06T12:19:57","date_gmt":"2025-02-06T11:19:57","guid":{"rendered":"https:\/\/church4you.be\/brabant-wallon\/?post_type=resource&#038;p=13130"},"modified":"2025-02-06T12:20:00","modified_gmt":"2025-02-06T11:20:00","slug":"parcours-et-chemins-de-careme","status":"publish","type":"resource","link":"https:\/\/church4you.be\/brabant-wallon\/resource\/parcours-et-chemins-de-careme\/","title":{"rendered":"Parcours et chemins de car\u00eame"},"content":{"rendered":"\n<figure class=\"wp-block-image size-full is-resized\"><img loading=\"lazy\" src=\"https:\/\/church4you.be\/brabant-wallon\/wp-content\/uploads\/sites\/3\/2025\/02\/Chemin-de-Careme.png\" alt=\"\" class=\"wp-image-13131\" width=\"399\" height=\"565\" srcset=\"https:\/\/church4you.be\/brabant-wallon\/wp-content\/uploads\/sites\/3\/2025\/02\/Chemin-de-Careme.png 636w, https:\/\/church4you.be\/brabant-wallon\/wp-content\/uploads\/sites\/3\/2025\/02\/Chemin-de-Careme-410x580.png 410w, https:\/\/church4you.be\/brabant-wallon\/wp-content\/uploads\/sites\/3\/2025\/02\/Chemin-de-Careme-177x250.png 177w, https:\/\/church4you.be\/brabant-wallon\/wp-content\/uploads\/sites\/3\/2025\/02\/Chemin-de-Careme-53x75.png 53w\" sizes=\"(max-width: 399px) 100vw, 399px\" \/><\/figure>\n\n\n\n<p>\ud83d\udc49Parcours de car\u00eame avec m\u00e9ditatio: \u00ab&nbsp;l\u2019imitation de J\u00e9sus Christ&nbsp;\u00bb<\/p>\n\n\n\n<p><a href=\"https:\/\/hozana.org\/communaute\/11950-careme-2024-40-jours-a-la-suite-de-jesus#\">https:\/\/hozana.org\/communaute\/11950-careme-2024-40-jours-a-la-suite-de-jesus#<\/a><\/p>\n\n\n\n<p>\ud83d\udc49Parcours de car\u00eame avec les dominicains \u00abcar\u00eame dans la ville&nbsp;\u00bb.&nbsp; Cette ann\u00e9e le th\u00e8me est:<\/p>\n\n\n\n<p>\u00ab&nbsp;Le souffle du Puissant me fait vivre\u2026.&nbsp;\u00bb<\/p>\n\n\n\n<p><a href=\"https:\/\/www.caremedanslaville.org\/\">https:\/\/www.caremedanslaville.org\/<\/a><\/p>\n\n\n\n<p>\ud83d\udc49Parcours de car\u00eame avec Prions en Eglise, sur le th\u00e8me de la Parole de Dieu: \u00abTa parole est la lumi\u00e8re de mes pas&nbsp;\u00bb<\/p>\n\n\n\n<p><a href=\"https:\/\/www.prionseneglise.fr\/parcours\/careme\">https:\/\/www.prionseneglise.fr\/parcours\/careme<\/a><\/p>\n\n\n\n<p>\ud83d\udc49Parcours de car\u00eame avec Formation Catholique, pour recevoir les gr\u00e2ces de l\u2019Esprit Saint<\/p>\n\n\n\n<p>Le parcours spirituel de <a href=\"https:\/\/www.formation-catholique.fr\/courses\/esprit-saint-accueil\/\">Formation Catholique<\/a> propos\u00e9 en partenariat avec Magnificat, Mame, Famille Chr\u00e9tienne et Aleteia s\u2019articule en trois \u00e9tapes\u00a0: le Don de l\u2019Esprit saint,\u00a0la volont\u00e9 du P\u00e8re et l\u2019envoi en Mission.<\/p>\n\n\n\n<p>\ud83d\udc49Detox\u2019la terre, un parcours individuel et communautaire pour, dans la foi et l\u2019esp\u00e9rance, se confronter \u00e0 la crise \u00e9cologique et discerner des chemins d\u2019actions concr\u00e8tes: <a href=\"https:\/\/detoxlaterre.ch\/\"> ici<\/a><\/p>\n\n\n\n<p><\/p>\n\n\n\n<p>\ud83d\udc49Car\u00eame pour tous par le pape Francois<\/p>\n\n\n\n<p>Un petit livret con\u00e7u pour les jeunes, les recommen\u00e7ants et les personnes peu habitu\u00e9es \u00e0 la pri\u00e8re.<\/p>\n\n\n\n<p><a href=\"https:\/\/librairiedesbeatitudes.com\/careme-pour-tous-2025.html\">https:\/\/librairiedesbeatitudes.com\/careme-pour-tous-2025.html<\/a><\/p>\n\n\n\n<p>\ud83d\udc49Les calendriers et chemins de car\u00eame\u00a0 de tante Menoue pour: ados, famille, enfants\u2026afin de cheminer joyeusement vers P\u00e2ques!<\/p>\n\n\n\n<p><a href=\"https:\/\/tante-menoue.com\/20-careme-\">https:\/\/tante-menoue.com\/20-careme-<\/a><\/p>\n","protected":false},"excerpt":{"rendered":"<p>\ud83d\udc49Parcours de car\u00eame avec m\u00e9ditatio: \u00ab&nbsp;l\u2019imitation de J\u00e9sus Christ&nbsp;\u00bb https:\/\/hozana.org\/communaute\/11950-careme-2024-40-jours-a-la-suite-de-jesus# \ud83d\udc49Parcours de car\u00eame avec les dominicains \u00abcar\u00eame dans la ville&nbsp;\u00bb.&nbsp; Cette ann\u00e9e le th\u00e8me est: \u00ab&nbsp;Le souffle du Puissant me fait vivre\u2026.&nbsp;\u00bb https:\/\/www.caremedanslaville.org\/ \ud83d\udc49Parcours de car\u00eame avec Prions en Eglise, sur le th\u00e8me de la Parole de Dieu: \u00abTa parole est la lumi\u00e8re de mes &hellip; <\/p>\n<p class=\"link-more\"><a href=\"https:\/\/church4you.be\/brabant-wallon\/resource\/parcours-et-chemins-de-careme\/\" class=\"more-link\">Continue reading<span class=\"screen-reader-text\"> \u00ab\u00a0Parcours et chemins de car\u00eame\u00a0\u00bb<\/span><\/a><\/p>\n","protected":false},"author":5,"featured_media":0,"template":"","tags":[],"_links":{"self":[{"href":"https:\/\/church4you.be\/brabant-wallon\/wp-json\/wp\/v2\/resource\/13130"}],"collection":[{"href":"https:\/\/church4you.be\/brabant-wallon\/wp-json\/wp\/v2\/resource"}],"about":[{"href":"https:\/\/church4you.be\/brabant-wallon\/wp-json\/wp\/v2\/types\/resource"}],"author":[{"embeddable":true,"href":"https:\/\/church4you.be\/brabant-wallon\/wp-json\/wp\/v2\/users\/5"}],"wp:attachment":[{"href":"https:\/\/church4you.be\/brabant-wallon\/wp-json\/wp\/v2\/media?parent=13130"}],"wp:term":[{"taxonomy":"post_tag","embeddable":true,"href":"https:\/\/church4you.be\/brabant-wallon\/wp-json\/wp\/v2\/tags?post=13130"}],"curies":[{"name":"wp","href":"https:\/\/api.w.org\/{rel}","templated":true}]}}