{"id":10005,"date":"2024-02-01T12:26:20","date_gmt":"2024-02-01T11:26:20","guid":{"rendered":"https:\/\/church4you.be\/brabant-wallon\/?post_type=resource&#038;p=10005"},"modified":"2024-02-12T09:31:01","modified_gmt":"2024-02-12T08:31:01","slug":"parcours-de-careme-2024","status":"publish","type":"resource","link":"https:\/\/church4you.be\/brabant-wallon\/resource\/parcours-de-careme-2024\/","title":{"rendered":"Parcours de Car\u00eame 2024"},"content":{"rendered":"\n<h2>Ci-joints, vous trouverez plusieurs parcours de Car\u00eame con\u00e7us pour nous accompagner dans ce chemin de rencontre avec le Christ ressuscit\u00e9.<\/h2>\n\n\n\n<p>Vous trouverez plus d&rsquo;informations dans les documents t\u00e9l\u00e9chargeables.<\/p>\n\n\n\n<p class=\"has-large-font-size\"><strong><em>Propositions pour le Car\u00eame 2024 dans une perspective d\u2019\u00e9cologie int\u00e9grale <\/em><\/strong><\/p>\n\n\n\n<p>\u2756 <strong>L\u2019impact de nos \u00e9crans. On y regarde de plus pr\u00e8s ?<\/strong> Organis\u00e9 par : Entraide et Fraternit\u00e9 <\/p>\n\n\n\n<p><strong>Public : outils tant pour les adultes que pour les enfants<\/strong><\/p>\n\n\n\n<p><a href=\"https:\/\/careme.entraide.be\/\">https:\/\/careme.entraide.be\/<\/a><\/p>\n\n\n\n<p>\u2756 <strong>Parcours \u00ab Detox la Terre \u00bb<\/strong> Organis\u00e9 par : mobilisation \u0153cum\u00e9nique en Suisse Detox la<br>Terre<\/p>\n\n\n\n<p><strong>Public : \u00e0 l\u2019origine un projet destin\u00e9 aux jeunes, mais il est maintenant adress\u00e9 \u00e0 tous les groupes d\u2019\u00e2ge<\/strong><\/p>\n\n\n\n<p><a href=\"https:\/\/detoxlaterre.ch\/wp-content\/uploads\/2023\/02\/Carnet_de_route2023.pdf\">https:\/\/detoxlaterre.ch\/wp-content\/uploads\/2023\/02\/Carnet_de_route2023.pdf<\/a><\/p>\n\n\n\n<p> \u2756  <strong>Calendrier de car\u00eame<\/strong> Organis\u00e9 par : dioc\u00e8se de Namur (services Ecologie int\u00e9grale,<br>Pastorale familiale, cat\u00e9ch\u00e8se)<\/p>\n\n\n\n<p><strong>Public : pour tous les \u00e2ges.<\/strong><\/p>\n\n\n\n<p><a href=\"https:\/\/drive.google.com\/file\/d\/1BW9kPvxUI5Lr4baV8HpjKI92FhLDoLXy\/view\">https:\/\/drive.google.com\/file\/d\/1BW9kPvxUI5Lr4baV8HpjKI92FhLDoLXy\/view<\/a><\/p>\n\n\n\n<p>\u2756 <strong>Parcours \u00ab s\u2019arr\u00eater et \u00e9couter \u00bb <\/strong>Organis\u00e9 par : Mouvement Laudato Si\u2019<\/p>\n\n\n\n<p><strong>Public : pour toute personne int\u00e9ress\u00e9e (pas de pr\u00e9requis, \u00e0 partir de 18 ans)<\/strong><\/p>\n\n\n\n<figure class=\"wp-block-embed is-type-wp-embed is-provider-laudato-si-039-movement wp-block-embed-laudato-si-039-movement\"><div class=\"wp-block-embed__wrapper\">\n<blockquote class=\"wp-embedded-content\" data-secret=\"v2IPpjtouG\"><a href=\"https:\/\/laudatosimovement.org\/fr\/ressources\/\">Ressources<\/a><\/blockquote><iframe class=\"wp-embedded-content\" sandbox=\"allow-scripts\" security=\"restricted\" style=\"position: absolute; clip: rect(1px, 1px, 1px, 1px);\" title=\"&#8220;Ressources&#8221; &#8212; Laudato Si&#039; Movement\" src=\"https:\/\/laudatosimovement.org\/fr\/ressources\/embed\/#?secret=NB41ijsv9u#?secret=v2IPpjtouG\" data-secret=\"v2IPpjtouG\" width=\"500\" height=\"282\" frameborder=\"0\" marginwidth=\"0\" marginheight=\"0\" scrolling=\"no\"><\/iframe>\n<\/div><\/figure>\n\n\n\n<p class=\"has-normal-font-size\"> <em><strong>Propositions pour le Car\u00eame 2024 dans une perspective spirituelle<\/strong><\/em><\/p>\n\n\n\n<p> \u2756 <strong>La parole de Dieu pour \u00e9clairer notre chemin de Car\u00eame <\/strong>Con\u00e7u par : le service de la Vie spirituelle du Bw (B\u00e9n\u00e9dicte de Clercq)<\/p>\n\n\n\n<p> <strong>Public :  \u00e0 partir de 17 ans<\/strong><\/p>\n\n\n\n<p><a href=\"https:\/\/www.bwcatho.be\/wp-content\/uploads\/2023\/12\/CheminCareme-2024_PDF_Web-avec-compression.pdf\">https:\/\/www.bwcatho.be\/wp-content\/uploads\/2023\/12\/CheminCareme-2024_PDF_Web-avec-compression.pdf<\/a><\/p>\n\n\n\n<p> <strong><em>Propositions pour le Car\u00eame 2024 dans une perspective de solidarit\u00e9 pour ce qui est v\u00e9cu \u00e0 l&rsquo;international<\/em><\/strong><\/p>\n\n\n\n<p>\u2756 <strong>Ton P\u00e8re qui voit dans le secret <\/strong>Con\u00e7u par : Fidesco  <\/p>\n\n\n\n<p>  <strong>Public :  \u00e0 partir de 11 ans<\/strong> <\/p>\n\n\n\n<p><a href=\"https:\/\/www.calameo.com\/read\/0059912834441f54e3a59\">https:\/\/www.calameo.com\/read\/0059912834441f54e3a59<strong><em> <\/em><\/strong> <\/a><\/p>\n\n\n\n<div class=\"wp-block-file\"><a href=\"https:\/\/church4you.be\/brabant-wallon\/wp-content\/uploads\/sites\/3\/2024\/02\/Propositions-pour-le-Careme-2024.pdf\">Propositions-pour-le-Careme-2024<\/a><a href=\"https:\/\/church4you.be\/brabant-wallon\/wp-content\/uploads\/sites\/3\/2024\/02\/Propositions-pour-le-Careme-2024.pdf\" class=\"wp-block-file__button\" download>T\u00e9l\u00e9charger<\/a><\/div>\n\n\n\n<div class=\"wp-block-file\"><a href=\"https:\/\/church4you.be\/brabant-wallon\/wp-content\/uploads\/sites\/3\/2024\/02\/La-sobriete-numerique-un-chemin-pour-plus-de-vie-.pdf\">La-sobriete-numerique-un-chemin-pour-plus-de-vie-<\/a><a href=\"https:\/\/church4you.be\/brabant-wallon\/wp-content\/uploads\/sites\/3\/2024\/02\/La-sobriete-numerique-un-chemin-pour-plus-de-vie-.pdf\" class=\"wp-block-file__button\" download>T\u00e9l\u00e9charger<\/a><\/div>\n\n\n\n<div class=\"wp-block-file\"><a href=\"https:\/\/church4you.be\/brabant-wallon\/wp-content\/uploads\/sites\/3\/2024\/02\/Guide-animation-careme-autour-du-numerique-.pdf\">Guide-animation-careme-autour-du-numerique-<\/a><a href=\"https:\/\/church4you.be\/brabant-wallon\/wp-content\/uploads\/sites\/3\/2024\/02\/Guide-animation-careme-autour-du-numerique-.pdf\" class=\"wp-block-file__button\" download>T\u00e9l\u00e9charger<\/a><\/div>\n\n\n\n<div class=\"wp-block-file\"><a href=\"https:\/\/church4you.be\/brabant-wallon\/wp-content\/uploads\/sites\/3\/2024\/02\/Feuille-pour-les-participants-animation-de-Careme-numerique.docx\">Feuille-pour-les-participants-animation-de-Careme-numerique<\/a><a href=\"https:\/\/church4you.be\/brabant-wallon\/wp-content\/uploads\/sites\/3\/2024\/02\/Feuille-pour-les-participants-animation-de-Careme-numerique.docx\" class=\"wp-block-file__button\" download>T\u00e9l\u00e9charger<\/a><\/div>\n\n\n\n<div class=\"wp-block-file\"><a href=\"https:\/\/church4you.be\/brabant-wallon\/wp-content\/uploads\/sites\/3\/2024\/02\/CheminCareme-2024_PDF_Web-avec-compression.pdf\">CheminCareme-2024_PDF_Web-avec-compression<\/a><a href=\"https:\/\/church4you.be\/brabant-wallon\/wp-content\/uploads\/sites\/3\/2024\/02\/CheminCareme-2024_PDF_Web-avec-compression.pdf\" class=\"wp-block-file__button\" download>T\u00e9l\u00e9charger<\/a><\/div>\n","protected":false},"excerpt":{"rendered":"<p>Ci-joints, vous trouverez plusieurs parcours de Car\u00eame con\u00e7us pour nous accompagner dans ce chemin de rencontre avec le Christ ressuscit\u00e9. Vous trouverez plus d&rsquo;informations dans les documents t\u00e9l\u00e9chargeables. Propositions pour le Car\u00eame 2024 dans une perspective d\u2019\u00e9cologie int\u00e9grale \u2756 L\u2019impact de nos \u00e9crans. On y regarde de plus pr\u00e8s ? Organis\u00e9 par : Entraide et &hellip; <\/p>\n<p class=\"link-more\"><a href=\"https:\/\/church4you.be\/brabant-wallon\/resource\/parcours-de-careme-2024\/\" class=\"more-link\">Continue reading<span class=\"screen-reader-text\"> \u00ab\u00a0Parcours de Car\u00eame 2024\u00a0\u00bb<\/span><\/a><\/p>\n","protected":false},"author":5,"featured_media":10011,"template":"","tags":[331,1404,427],"_links":{"self":[{"href":"https:\/\/church4you.be\/brabant-wallon\/wp-json\/wp\/v2\/resource\/10005"}],"collection":[{"href":"https:\/\/church4you.be\/brabant-wallon\/wp-json\/wp\/v2\/resource"}],"about":[{"href":"https:\/\/church4you.be\/brabant-wallon\/wp-json\/wp\/v2\/types\/resource"}],"author":[{"embeddable":true,"href":"https:\/\/church4you.be\/brabant-wallon\/wp-json\/wp\/v2\/users\/5"}],"wp:featuredmedia":[{"embeddable":true,"href":"https:\/\/church4you.be\/brabant-wallon\/wp-json\/wp\/v2\/media\/10011"}],"wp:attachment":[{"href":"https:\/\/church4you.be\/brabant-wallon\/wp-json\/wp\/v2\/media?parent=10005"}],"wp:term":[{"taxonomy":"post_tag","embeddable":true,"href":"https:\/\/church4you.be\/brabant-wallon\/wp-json\/wp\/v2\/tags?post=10005"}],"curies":[{"name":"wp","href":"https:\/\/api.w.org\/{rel}","templated":true}]}}