{"id":5528,"date":"2020-08-17T14:55:41","date_gmt":"2020-08-17T12:55:41","guid":{"rendered":"https:\/\/church4you.be\/brabant-wallon\/?post_type=event&#038;p=5528"},"modified":"2021-12-15T11:04:16","modified_gmt":"2021-12-15T10:04:16","slug":"flamme-de-bethleem","status":"publish","type":"event","link":"https:\/\/church4you.be\/brabant-wallon\/?event=flamme-de-bethleem","title":{"rendered":"\ud83d\udd25 Flamme de Bethl\u00e9em \ud83d\udd25"},"content":{"rendered":"\n<div class=\"wp-block-image\"><figure class=\"aligncenter size-full is-resized\"><img loading=\"lazy\" src=\"https:\/\/church4you.be\/brabant-wallon\/wp-content\/uploads\/sites\/3\/2021\/11\/12-decembre-2021-a-LLN.png\" alt=\"\" class=\"wp-image-6784\" width=\"431\" height=\"610\" srcset=\"https:\/\/church4you.be\/brabant-wallon\/wp-content\/uploads\/sites\/3\/2021\/11\/12-decembre-2021-a-LLN.png 636w, https:\/\/church4you.be\/brabant-wallon\/wp-content\/uploads\/sites\/3\/2021\/11\/12-decembre-2021-a-LLN-410x580.png 410w, https:\/\/church4you.be\/brabant-wallon\/wp-content\/uploads\/sites\/3\/2021\/11\/12-decembre-2021-a-LLN-177x250.png 177w, https:\/\/church4you.be\/brabant-wallon\/wp-content\/uploads\/sites\/3\/2021\/11\/12-decembre-2021-a-LLN-53x75.png 53w\" sizes=\"(max-width: 431px) 100vw, 431px\" \/><\/figure><\/div>\n\n\n\n<p>La Flamme de Bethl\u00e9em, aussi appel\u00e9e \u00ab\u00a0Lumi\u00e8re de la Paix\u00a0\u00bb arrivera en Belgique le 12 d\u00e9cembre 2021 \u00e0 Eupen !<\/p>\n\n\n\n<p>Sais-tu que la Flamme de Bethl\u00e9em est un mouvement international \u00e0 l&rsquo;initiative des scouts ? Retrouve toutes les infos sur ce bel \u00e9v\u00e9nement <a href=\"https:\/\/church4you.be\/news\/lumierepaix\/\">ICI<\/a>.<\/p>\n\n\n\n<p>La veill\u00e9e d&rsquo;accueil en Brabant Wallon aura lieu \u00e0 la paroisse Saint-Fran\u00e7ois de Louvain-La-Neuve le mercredi 15 d\u00e9cembre 2021 \u00e0 19h30, juste apr\u00e8s la messe qui a lieu \u00e0 18h30. Chacun est \u00e9videmment libre de participer \u00e0 la messe ET \u00e0 la c\u00e9l\u00e9bration, ou uniquement \u00e0 la veill\u00e9e.<\/p>\n\n\n\n<p>Le but est que cette flamme soit partag\u00e9e et diffus\u00e9e dans toute la Belgique (dans les familles, maisons de repos, h\u00f4pitaux, locaux scouts, \u00e9glises, \u00e9coles, centres culturels, foyers, &#8230;) afin de nous \u00e9clairer les uns les autres. Nous avons tous besoin de paix et de lumi\u00e8re, surtout en ces temps qui restent difficiles! <\/p>\n\n\n\n<p>Retrouvez <a href=\"https:\/\/church4you.be\/brabant-wallon\/news\/actions-specifiques-au-brabant-wallon\/\">ICI<\/a> des suggestions pour des actions solidaires li\u00e9es \u00e0 la Flamme de Bethl\u00e9em. Chaque geste, m\u00eame tr\u00e8s humble, peut contribuer \u00e0 allumer une lueur dans le c\u0153ur d&rsquo;autrui.<\/p>\n\n\n\n<p> Chaque fois que vous distribuez la flamme ou r\u00e9alisez une action dans ce cadre-l\u00e0, nous t&rsquo;invitons \u00e0 remplir ce <a href=\"https:\/\/forms.gle\/b2jUFpXb5bg3LH688\"><\/a><a href=\"https:\/\/docs.google.com\/forms\/d\/e\/1FAIpQLSfZTWxIrJ0v-Jx-AuXIkqsHXBAzQTJQH-yFGu0tRhPFdvBqIw\/viewform\">formulaire<\/a>, car nous ferons appara\u00eetre une petite flamme symbolique sur\u00a0<a href=\"https:\/\/www.google.com\/maps\/d\/u\/1\/viewer?mid=17ZFmzosLWGFrgsXFq9YHxSxEVLdfHGUy&amp;ll=50.94847188106919%2C5.54231579345632&amp;z=7\">cette carte<\/a>. C&rsquo;est magnifique de voir la Belgique qui s&rsquo;illumine de toutes vos flammes au fur et \u00e0 mesure \ud83e\udd29\ud83e\udd29\ud83e\udd29 .<\/p>\n\n\n\n<p><\/p>\n","protected":false},"author":5,"featured_media":6784,"template":"","event-venue":[],"event-tag":[49,47,48,957,257],"_links":{"self":[{"href":"https:\/\/church4you.be\/brabant-wallon\/wp-json\/wp\/v2\/event\/5528"}],"collection":[{"href":"https:\/\/church4you.be\/brabant-wallon\/wp-json\/wp\/v2\/event"}],"about":[{"href":"https:\/\/church4you.be\/brabant-wallon\/wp-json\/wp\/v2\/types\/event"}],"author":[{"embeddable":true,"href":"https:\/\/church4you.be\/brabant-wallon\/wp-json\/wp\/v2\/users\/5"}],"wp:featuredmedia":[{"embeddable":true,"href":"https:\/\/church4you.be\/brabant-wallon\/wp-json\/wp\/v2\/media\/6784"}],"wp:attachment":[{"href":"https:\/\/church4you.be\/brabant-wallon\/wp-json\/wp\/v2\/media?parent=5528"}],"wp:term":[{"taxonomy":"event-venue","embeddable":true,"href":"https:\/\/church4you.be\/brabant-wallon\/wp-json\/wp\/v2\/event-venue?post=5528"},{"taxonomy":"event-tag","embeddable":true,"href":"https:\/\/church4you.be\/brabant-wallon\/wp-json\/wp\/v2\/event-tag?post=5528"}],"curies":[{"name":"wp","href":"https:\/\/api.w.org\/{rel}","templated":true}]}}