{"id":13614,"date":"2026-04-09T15:24:36","date_gmt":"2026-04-09T13:24:36","guid":{"rendered":"https:\/\/church4you.be\/brabant-wallon\/?post_type=event&#038;p=13614"},"modified":"2026-04-13T11:34:21","modified_gmt":"2026-04-13T09:34:21","slug":"soiree-des-presque-voisins-ouest","status":"publish","type":"event","link":"https:\/\/church4you.be\/brabant-wallon\/?event=soiree-des-presque-voisins-ouest","title":{"rendered":"Soir\u00e9e des \u00ab\u00a0presque voisins\u00a0\u00bb Ouest"},"content":{"rendered":"\n<div class=\"wp-block-image\"><figure class=\"aligncenter size-full\"><img loading=\"lazy\" width=\"636\" height=\"900\" src=\"https:\/\/church4you.be\/brabant-wallon\/wp-content\/uploads\/sites\/3\/2026\/04\/fete-des-voisins-BW-OUEST.png\" alt=\"\" class=\"wp-image-13620\" srcset=\"https:\/\/church4you.be\/brabant-wallon\/wp-content\/uploads\/sites\/3\/2026\/04\/fete-des-voisins-BW-OUEST.png 636w, https:\/\/church4you.be\/brabant-wallon\/wp-content\/uploads\/sites\/3\/2026\/04\/fete-des-voisins-BW-OUEST-410x580.png 410w, https:\/\/church4you.be\/brabant-wallon\/wp-content\/uploads\/sites\/3\/2026\/04\/fete-des-voisins-BW-OUEST-177x250.png 177w, https:\/\/church4you.be\/brabant-wallon\/wp-content\/uploads\/sites\/3\/2026\/04\/fete-des-voisins-BW-OUEST-53x75.png 53w\" sizes=\"(max-width: 636px) 100vw, 636px\" \/><\/figure><\/div>\n\n\n\n<p>Retrouvez-nous pour notre soir\u00e9e entre&nbsp;<em>presque&nbsp;voisins<\/em>&nbsp;du BW ouest pour une soir\u00e9e conviviale faite de rencontres, de jeu, de pri\u00e8re et d\u2019une dose d\u2019inspiration gr\u00e2ce au p\u00e8re \u00c9ric Mattheeuws \u2026 sans oublier la petite touche sucr\u00e9e&nbsp;\ud83e\udd5e&nbsp;.<\/p>\n\n\n\n<p><strong>Infos pratiques&nbsp;:<\/strong><\/p>\n\n\n\n<p><strong>\ud83d\udcc6&nbsp;Date<\/strong>: Mardi 9 juin 2026<\/p>\n\n\n\n<p><strong>\u23f1&nbsp;&nbsp;Heure :<\/strong>&nbsp;A partir de 18h30 pour l\u2019ap\u00e9ro.&nbsp;<em>(D\u00e9marrage \u00e0 19h00)<\/em><br><strong>\u26ea&nbsp;Lieu :<\/strong>&nbsp;Salle paroissiale de l&rsquo;\u00e9glise Saint-S\u00e9bastien, Rue Ernest Laurent 157, 1420 Braine-l&rsquo;Alleud<\/p>\n\n\n\n<p>\ud83d\udc49 Pour t&rsquo;inscrire en tant qu&rsquo;animateur d&rsquo;un P\u00f4le Jeunes : <a rel=\"noreferrer noopener\" target=\"_blank\" href=\"https:\/\/forms.gle\/TqK1pYcFktoe4jV79\">https:\/\/forms.gle\/TqK1pYcFktoe4jV79<\/a><\/p>\n\n\n\n<p><\/p>\n","protected":false},"author":5,"featured_media":13620,"template":"","event-venue":[],"event-tag":[1597],"_links":{"self":[{"href":"https:\/\/church4you.be\/brabant-wallon\/wp-json\/wp\/v2\/event\/13614"}],"collection":[{"href":"https:\/\/church4you.be\/brabant-wallon\/wp-json\/wp\/v2\/event"}],"about":[{"href":"https:\/\/church4you.be\/brabant-wallon\/wp-json\/wp\/v2\/types\/event"}],"author":[{"embeddable":true,"href":"https:\/\/church4you.be\/brabant-wallon\/wp-json\/wp\/v2\/users\/5"}],"wp:featuredmedia":[{"embeddable":true,"href":"https:\/\/church4you.be\/brabant-wallon\/wp-json\/wp\/v2\/media\/13620"}],"wp:attachment":[{"href":"https:\/\/church4you.be\/brabant-wallon\/wp-json\/wp\/v2\/media?parent=13614"}],"wp:term":[{"taxonomy":"event-venue","embeddable":true,"href":"https:\/\/church4you.be\/brabant-wallon\/wp-json\/wp\/v2\/event-venue?post=13614"},{"taxonomy":"event-tag","embeddable":true,"href":"https:\/\/church4you.be\/brabant-wallon\/wp-json\/wp\/v2\/event-tag?post=13614"}],"curies":[{"name":"wp","href":"https:\/\/api.w.org\/{rel}","templated":true}]}}