{"id":2347,"date":"2020-01-07T14:47:09","date_gmt":"2020-01-07T13:47:09","guid":{"rendered":"https:\/\/church4you.be\/brabant-wallon\/?post_type=about&#038;p=2347"},"modified":"2023-03-09T12:30:15","modified_gmt":"2023-03-09T11:30:15","slug":"liens","status":"publish","type":"about","link":"https:\/\/church4you.be\/brabant-wallon\/about\/liens\/","title":{"rendered":"Liens"},"content":{"rendered":"\n<p><a href=\"https:\/\/outilspjbw.wordpress.com\/\" data-type=\"URL\" data-id=\"https:\/\/outilspjbw.wordpress.com\/\" target=\"_blank\" rel=\"noreferrer noopener\">Site des outils de la Pastorale des Jeunes du Brabant wallon<\/a><\/p>\n\n\n\n<p><strong>Discernement et vocation<\/strong><\/p>\n\n\n\n<p><a href=\"https:\/\/www.jeunes-cathos.fr\/trouver-son-cap\" target=\"_blank\" rel=\"noreferrer noopener\">R\u00e9flexions (Trouver son cap)<\/a><br><a href=\"http:\/\/www.vocations.be\/\" target=\"_blank\" rel=\"noreferrer noopener\">Centre National des Vocations<\/a><br><a href=\"http:\/\/www.spiritaltitude.be\" target=\"_blank\" rel=\"noreferrer noopener\">Spirit Altitude<\/a><br><a href=\"https:\/\/jeunes-vocations.catholique.fr\/vocations\/annees-pour-dieu\/\" target=\"_blank\" rel=\"noreferrer noopener\">Ecoles d&rsquo;\u00e9vang\u00e9lisation &#8211; Ann\u00e9es pour Dieu<\/a><\/p>\n\n\n\n<p><strong>Amour et sexualit\u00e9<\/strong><\/p>\n\n\n\n<p><a href=\"http:\/\/www.groupe-croissance.be\/\" target=\"_blank\" rel=\"noreferrer noopener\">Croissance<\/a><br><a href=\"https:\/\/lechenedemambre.be\/\" target=\"_blank\" rel=\"noreferrer noopener\">Le ch\u00eane de Mambr\u00e9 (Centre d\u2019\u00e9coute et d\u2019accompagnement)<\/a><br><a href=\"http:\/\/www.theologieducorps.fr\/\" target=\"_blank\" rel=\"noreferrer noopener\">La th\u00e9ologie du corps de Jean Paul II<\/a><br><a href=\"http:\/\/www.cler.net\/\" target=\"_blank\" rel=\"noreferrer noopener\">Le CLER : affectivit\u00e9 et sexualit\u00e9<\/a><br><a href=\"http:\/\/bioethique.catholique.fr\/\" target=\"_blank\" rel=\"noreferrer noopener\">Bio\u00e9thique<\/a><\/p>\n\n\n\n<p><strong>Formation et t\u00e9moignages<\/strong><\/p>\n\n\n\n<p><a href=\"http:\/\/www.sessionlead.be\/\" target=\"_blank\" rel=\"noreferrer noopener\">Session LEAD<\/a><br><a href=\"http:\/\/viechretienne.catholique.org\/temoignages\/\" target=\"_blank\" rel=\"noreferrer noopener\">T\u00e9moignage de vies chr\u00e9tiennes<\/a><br><a href=\"http:\/\/www.jeunes-cathos.fr\/questions-de-foi\" target=\"_blank\" rel=\"noreferrer noopener\">Des questions de foi<\/a><br><a href=\"https:\/\/www.facebook.com\/paroisseetudiantestfrancois\" target=\"_blank\" rel=\"noreferrer noopener\">Paroisse \u00e9tudiante St Fran\u00e7ois<\/a><\/p>\n\n\n\n<p><strong>Mouvements de jeunesse<\/strong><\/p>\n\n\n\n<p><a href=\"http:\/\/www.wogglespirit.be\/\" target=\"_blank\" rel=\"noreferrer noopener\">Woggle &amp; Spirit<\/a>&nbsp;(Aide \u00e0 l&rsquo;animation spirituelle en mouvement de jeunesse)<br><a href=\"http:\/\/www.guides.be\" target=\"_blank\" rel=\"noreferrer noopener\">Guides Catholiques de Belgique (GCB)<\/a><br><a href=\"http:\/\/www.lesscouts.be\" target=\"_blank\" rel=\"noreferrer noopener\">Scouts de Belgique<\/a><br><a href=\"http:\/\/www.patro.be\" target=\"_blank\" rel=\"noreferrer noopener\">F\u00e9d\u00e9ration nationale des Patros<\/a><br><a href=\"https:\/\/www.scouts-europe.be\/\" target=\"_blank\" rel=\"noreferrer noopener\">Guides et Scouts d&rsquo;Europe<\/a><\/p>\n\n\n\n<p><strong>Cat\u00e9ch\u00e8se<\/strong><\/p>\n\n\n\n<p><a href=\"https:\/\/catechesebw.be\/\" target=\"_blank\" rel=\"noreferrer noopener\">Service de la Cat\u00e9ch\u00e8se du Brabant wallon<\/a><br><a href=\"http:\/\/www.cate-ouest.com\/index_blog.php?type=vie&amp;id=84&amp;PHPSESSID=7007f7d14259fc3300e79e39d20dec8e\" target=\"_blank\" rel=\"noreferrer noopener\">Le cath\u00e9-ouest<\/a><br><a href=\"http:\/\/www.penseesociale.catholique.fr\/\" target=\"_blank\" rel=\"noreferrer noopener\">\u00c9glise catholique et soci\u00e9t\u00e9&nbsp;: La pens\u00e9e sociale de l\u2019\u00c9glise Catholique<\/a><\/p>\n\n\n\n<p><strong>Bo\u00eete \u00e0 id\u00e9es<\/strong><\/p>\n\n\n\n<p><a href=\"http:\/\/www.portstnicolas.org\" target=\"_blank\" rel=\"noreferrer noopener\">Port Saint Nicolas<\/a><br><a href=\"http:\/\/www.cate-ouest.com\" target=\"_blank\" rel=\"noreferrer noopener\">Des id\u00e9es pratiques d&rsquo;animation aux r\u00e9flexions sur le r\u00f4le du cat\u00e9chiste&#8230;<\/a><br><a href=\"http:\/\/www.cate-ouest.com\" target=\"_blank\" rel=\"noreferrer noopener\">Q<\/a><a href=\"http:\/\/www.qfjamp.fr\" target=\"_blank\" rel=\"noreferrer noopener\">ue ferais J\u00e9sus \u00e0 ma place<\/a><br><a href=\"http:\/\/www.etdieudanstoutca.com\" target=\"_blank\" rel=\"noreferrer noopener\">Et Dieu dans tout \u00e7\u00e0<\/a><\/p>\n\n\n\n<p><strong>Pri\u00e8re<\/strong><\/p>\n\n\n\n<p><a href=\"http:\/\/www.enseignement-catholique.fr\/ec\/pastorale\/16517-wwwprieravecleglisefr\" target=\"_blank\" rel=\"noreferrer noopener\">La liturgie des heures<\/a><br><a href=\"http:\/\/www.aelf.org\" target=\"_blank\" rel=\"noreferrer noopener\">AELF<\/a><br><a href=\"http:\/\/users.skynet.be\/ap.priere\/\" target=\"_blank\" rel=\"noreferrer noopener\">Apostolat de la pri\u00e8re (La chapelle)&nbsp;<\/a><br><a href=\"http:\/\/www.ndweb.org\/\" target=\"_blank\" rel=\"noreferrer noopener\">Centre spirituel ignacien sur le WEB&nbsp;<\/a><br><a href=\"http:\/\/www.prier.be\" target=\"_blank\" rel=\"noreferrer noopener\">Pri\u00e8re et m\u00e9ditation, prier.be&nbsp;<\/a><br><a href=\"http:\/\/www.oraweb.net\" target=\"_blank\" rel=\"noreferrer noopener\">ORAWEB<\/a>&nbsp;<br><a href=\"http:\/\/www.croire.com\" target=\"_blank\" rel=\"noreferrer noopener\">Croire<\/a><br><a href=\"http:\/\/www.unmomentsacre.com\/\" target=\"_blank\" rel=\"noreferrer noopener\">Un moment sacr\u00e9<\/a><br><a href=\"http:\/\/www.taize.fr\/fr\" target=\"_blank\" rel=\"noreferrer noopener\">Communaut\u00e9 Taiz\u00e9 (pri\u00e8re et chants)<\/a><\/p>\n","protected":false},"excerpt":{"rendered":"<p>Site des outils de la Pastorale des Jeunes du Brabant wallon Discernement et vocation R\u00e9flexions (Trouver son cap)Centre National des VocationsSpirit AltitudeEcoles d&rsquo;\u00e9vang\u00e9lisation &#8211; Ann\u00e9es pour Dieu Amour et sexualit\u00e9 CroissanceLe ch\u00eane de Mambr\u00e9 (Centre d\u2019\u00e9coute et d\u2019accompagnement)La th\u00e9ologie du corps de Jean Paul IILe CLER : affectivit\u00e9 et sexualit\u00e9Bio\u00e9thique Formation et t\u00e9moignages Session LEADT\u00e9moignage &hellip; <\/p>\n<p class=\"link-more\"><a href=\"https:\/\/church4you.be\/brabant-wallon\/about\/liens\/\" class=\"more-link\">Continue reading<span class=\"screen-reader-text\"> \u00ab\u00a0Liens\u00a0\u00bb<\/span><\/a><\/p>\n","protected":false},"author":1,"featured_media":5274,"template":"","tags":[],"_links":{"self":[{"href":"https:\/\/church4you.be\/brabant-wallon\/wp-json\/wp\/v2\/about\/2347"}],"collection":[{"href":"https:\/\/church4you.be\/brabant-wallon\/wp-json\/wp\/v2\/about"}],"about":[{"href":"https:\/\/church4you.be\/brabant-wallon\/wp-json\/wp\/v2\/types\/about"}],"author":[{"embeddable":true,"href":"https:\/\/church4you.be\/brabant-wallon\/wp-json\/wp\/v2\/users\/1"}],"wp:featuredmedia":[{"embeddable":true,"href":"https:\/\/church4you.be\/brabant-wallon\/wp-json\/wp\/v2\/media\/5274"}],"wp:attachment":[{"href":"https:\/\/church4you.be\/brabant-wallon\/wp-json\/wp\/v2\/media?parent=2347"}],"wp:term":[{"taxonomy":"post_tag","embeddable":true,"href":"https:\/\/church4you.be\/brabant-wallon\/wp-json\/wp\/v2\/tags?post=2347"}],"curies":[{"name":"wp","href":"https:\/\/api.w.org\/{rel}","templated":true}]}}